{"id":1939,"date":"2021-03-23T09:21:36","date_gmt":"2021-03-23T14:21:36","guid":{"rendered":"http:\/\/arrobamedellin.edu.co\/?page_id=1939"},"modified":"2026-02-20T17:12:20","modified_gmt":"2026-02-20T22:12:20","slug":"preguntas-frecuentes","status":"publish","type":"page","link":"https:\/\/arrobamedellin.edu.co\/index.php\/servicios\/preguntas-frecuentes\/","title":{"rendered":"Preguntas Frecuentes"},"content":{"rendered":"<p>[et_pb_section fb_built=&#8221;1&#8243; fullwidth=&#8221;on&#8221; _builder_version=&#8221;4.16&#8243; _module_preset=&#8221;default&#8221; global_colors_info=&#8221;{}&#8221;][et_pb_fullwidth_image src=&#8221;https:\/\/arrobamedellin.edu.co\/wp-content\/uploads\/2021\/07\/Mesa-de-trabajo-13.png&#8221; title_text=&#8221;Mesa de trabajo 13&#8243; _builder_version=&#8221;4.16&#8243; _module_preset=&#8221;default&#8221; global_colors_info=&#8221;{}&#8221;][\/et_pb_fullwidth_image][\/et_pb_section][et_pb_section fb_built=&#8221;1&#8243; admin_label=&#8221;Projects&#8221; _builder_version=&#8221;4.16&#8243; background_enable_image=&#8221;off&#8221; custom_margin=&#8221;||||false|false&#8221; custom_padding=&#8221;||||false|false&#8221; locked=&#8221;off&#8221; global_colors_info=&#8221;{}&#8221;][et_pb_row _builder_version=&#8221;4.16&#8243; _module_preset=&#8221;default&#8221; background_enable_color=&#8221;off&#8221; width=&#8221;65%&#8221; width_tablet=&#8221;&#8221; width_phone=&#8221;100%&#8221; width_last_edited=&#8221;on|phone&#8221; max_width=&#8221;1300px&#8221; max_width_tablet=&#8221;&#8221; max_width_phone=&#8221;&#8221; max_width_last_edited=&#8221;on|phone&#8221; custom_margin=&#8221;-50px||||false|false&#8221; border_radii=&#8221;on|6px|6px|6px|6px&#8221; global_colors_info=&#8221;{}&#8221;][et_pb_column type=&#8221;4_4&#8243; _builder_version=&#8221;4.16&#8243; _module_preset=&#8221;default&#8221; global_colors_info=&#8221;{}&#8221;][et_pb_accordion open_toggle_background_color=&#8221;#FFFFFF&#8221; closed_toggle_text_color=&#8221;#FFFFFF&#8221; closed_toggle_background_color=&#8221;#ffffff&#8221; icon_color=&#8221;#ae3e97&#8243; use_icon_font_size=&#8221;on&#8221; icon_font_size=&#8221;30px&#8221; module_class=&#8221; lwp-toggle-icon&#8221; _builder_version=&#8221;4.27.5&#8243; _module_preset=&#8221;default&#8221; toggle_font=&#8221;Roboto Condensed|700|||||||&#8221; toggle_font_size=&#8221;18px&#8221; body_font=&#8221;Roboto Condensed||||||||&#8221; body_text_color=&#8221;#6d6e70&#8243; body_font_size=&#8221;18px&#8221; body_line_height=&#8221;1.3em&#8221; custom_margin=&#8221;30px|30px|30px|30px|false|false&#8221; global_colors_info=&#8221;{}&#8221;][et_pb_accordion_item title=&#8221;Blank&#8221; open=&#8221;on&#8221; open_toggle_text_color=&#8221;#ae3e97&#8243; open_toggle_background_color=&#8221;#FFFFFF&#8221; closed_toggle_text_color=&#8221;#ae3e97&#8243; closed_toggle_background_color=&#8221;#FFFFFF&#8221; use_icon_font_size=&#8221;on&#8221; _builder_version=&#8221;4.27.5&#8243; _module_preset=&#8221;default&#8221; custom_css_main_element=&#8221;display:none;||&#8221; border_radii=&#8221;on|6px|6px|6px|6px&#8221; border_width_all=&#8221;2px&#8221; border_color_all=&#8221;#ae3e97&#8243; global_colors_info=&#8221;{}&#8221; toggle_text_color=&#8221;#ae3e97&#8243; toggle_text_align=&#8221;center&#8221; closed_toggle_text_align=&#8221;center&#8221;][\/et_pb_accordion_item][et_pb_accordion_item title=&#8221;No puedo ingresar al Campus Digital&#8221; open_toggle_text_color=&#8221;#ae3e97&#8243; open_toggle_background_color=&#8221;#FFFFFF&#8221; closed_toggle_text_color=&#8221;#ae3e97&#8243; closed_toggle_background_color=&#8221;#FFFFFF&#8221; use_icon_font_size=&#8221;on&#8221; _builder_version=&#8221;4.27.5&#8243; _module_preset=&#8221;default&#8221; border_radii=&#8221;on|6px|6px|6px|6px&#8221; border_width_all=&#8221;2px&#8221; border_color_all=&#8221;#ae3e97&#8243; global_colors_info=&#8221;{}&#8221; toggle_text_color=&#8221;#ae3e97&#8243; toggle_text_align=&#8221;center&#8221; closed_toggle_text_align=&#8221;center&#8221; open=&#8221;off&#8221;]<\/p>\n<p><span style=\"font-weight: 400;\">Para ingresar a la Ciudadela Digital @Medell\u00edn debes entrar a: <\/span><a href=\"https:\/\/ciudadeladigital.arrobamedellin.edu.co\/\"><span style=\"font-weight: 400;\">https:\/\/ciudadeladigital.arrobamedellin.edu.co\/<\/span><\/a><\/p>\n<p><span style=\"font-weight: 400;\">Tu usuario y contrase\u00f1a inicial son tu n\u00famero de documento.<\/span><\/p>\n<p><span style=\"font-weight: 400;\">Si es tu primer ingreso, la plataforma te pedir\u00e1 cambiar la contrase\u00f1a.<\/span><\/p>\n<p>[\/et_pb_accordion_item][et_pb_accordion_item title=&#8221;\u00bfC\u00f3mo cambio o recupero mi contrase\u00f1a?&#8221; open_toggle_text_color=&#8221;#ae3e97&#8243; open_toggle_background_color=&#8221;#FFFFFF&#8221; closed_toggle_text_color=&#8221;#ae3e97&#8243; closed_toggle_background_color=&#8221;#FFFFFF&#8221; _builder_version=&#8221;4.27.5&#8243; _module_preset=&#8221;default&#8221; border_radii=&#8221;on|6px|6px|6px|6px&#8221; border_width_all=&#8221;2px&#8221; border_color_all=&#8221;#ae3e97&#8243; global_colors_info=&#8221;{}&#8221; toggle_text_color=&#8221;#ae3e97&#8243; toggle_text_align=&#8221;center&#8221; closed_toggle_text_align=&#8221;center&#8221; open=&#8221;off&#8221;]<\/p>\n<p><span style=\"font-weight: 400;\">En la p\u00e1gina principal de la Ciudadela Digital haz clic en \u201c\u00bfOlvidaste tu contrase\u00f1a?\u201d.<\/span><\/p>\n<p><span style=\"font-weight: 400;\">Ingresa tu n\u00famero de documento y selecciona el correo electr\u00f3nico activo donde recibir\u00e1s las instrucciones.<\/span><\/p>\n<p><span style=\"font-weight: 400;\">Revisa tu bandeja de entrada y el spam. El mensaje llegar\u00e1 desde: monitoreo@arrobamedellin.edu.co<\/span><\/p>\n<p><span style=\"font-weight: 400;\">Haz clic en el enlace, crea tu nueva contrase\u00f1a y selecciona \u201cCambiar\u201d.<\/span><\/p>\n<p>[\/et_pb_accordion_item][et_pb_accordion_item title=&#8221;\u00bfC\u00f3mo accedo a mi curso?&#8221; open_toggle_text_color=&#8221;#ae3e97&#8243; open_toggle_background_color=&#8221;#FFFFFF&#8221; closed_toggle_text_color=&#8221;#ae3e97&#8243; closed_toggle_background_color=&#8221;#FFFFFF&#8221; _builder_version=&#8221;4.27.5&#8243; _module_preset=&#8221;default&#8221; border_radii=&#8221;on|6px|6px|6px|6px&#8221; border_width_all=&#8221;2px&#8221; border_color_all=&#8221;#ae3e97&#8243; global_colors_info=&#8221;{}&#8221; toggle_text_color=&#8221;#ae3e97&#8243; toggle_text_align=&#8221;center&#8221; closed_toggle_text_align=&#8221;center&#8221; open=&#8221;off&#8221;]<\/p>\n<p><span style=\"font-weight: 400;\">Dentro de la Ciudadela Digital ingresa al distrito acad\u00e9mico (identificado con el edificio Coltejer). All\u00ed encontrar\u00e1s el curso en el que est\u00e1s matriculado.<\/span><\/p>\n<p>[\/et_pb_accordion_item][et_pb_accordion_item title=&#8221;No me aparecen los cursos en los que estoy matriculado, \u00bfqu\u00e9 hago?&#8221; open_toggle_text_color=&#8221;#ae3e97&#8243; open_toggle_background_color=&#8221;#FFFFFF&#8221; closed_toggle_text_color=&#8221;#ae3e97&#8243; closed_toggle_background_color=&#8221;#FFFFFF&#8221; _builder_version=&#8221;4.27.5&#8243; _module_preset=&#8221;default&#8221; border_radii=&#8221;on|6px|6px|6px|6px&#8221; border_width_all=&#8221;2px&#8221; border_color_all=&#8221;#ae3e97&#8243; global_colors_info=&#8221;{}&#8221; toggle_text_color=&#8221;#ae3e97&#8243; toggle_text_align=&#8221;center&#8221; closed_toggle_text_align=&#8221;center&#8221; open=&#8221;off&#8221;]<\/p>\n<p><span style=\"font-weight: 400;\">Debes enviar un ticket para verificar tu inscripci\u00f3n y la asignaci\u00f3n del curso en el siguiente enlace:<\/span><span style=\"font-weight: 400;\"><br \/><\/span><a href=\"https:\/\/soporte.arrobamedellin.edu.co\/support\/upload\/open.php\"><span style=\"font-weight: 400;\">https:\/\/soporte.arrobamedellin.edu.co\/support\/upload\/open.php<\/span><\/a><\/p>\n<p>[\/et_pb_accordion_item][et_pb_accordion_item title=&#8221;\u00bfC\u00f3mo navego dentro del curso?&#8221; open_toggle_text_color=&#8221;#ae3e97&#8243; open_toggle_background_color=&#8221;#FFFFFF&#8221; closed_toggle_text_color=&#8221;#ae3e97&#8243; closed_toggle_background_color=&#8221;#FFFFFF&#8221; _builder_version=&#8221;4.27.5&#8243; _module_preset=&#8221;default&#8221; border_radii=&#8221;on|6px|6px|6px|6px&#8221; border_width_all=&#8221;2px&#8221; border_color_all=&#8221;#ae3e97&#8243; global_colors_info=&#8221;{}&#8221; toggle_text_color=&#8221;#ae3e97&#8243; toggle_text_align=&#8221;center&#8221; closed_toggle_text_align=&#8221;center&#8221; open=&#8221;off&#8221;]<\/p>\n<p><span style=\"font-weight: 400;\">Los cursos est\u00e1n organizados por pesta\u00f1as y m\u00f3dulos.<\/span><\/p>\n<p><span style=\"font-weight: 400;\">En cada m\u00f3dulo encontrar\u00e1s videos, textos, audios y actividades. Para avanzar y finalizar el proceso deber\u00e1s aprobar los cuestionarios correspondientes.<\/span><\/p>\n<p>[\/et_pb_accordion_item][et_pb_accordion_item title=&#8221;\u00bfQu\u00e9 actividades debo realizar para terminar el curso?&#8221; open_toggle_text_color=&#8221;#ae3e97&#8243; open_toggle_background_color=&#8221;#FFFFFF&#8221; closed_toggle_text_color=&#8221;#ae3e97&#8243; closed_toggle_background_color=&#8221;#FFFFFF&#8221; _builder_version=&#8221;4.27.5&#8243; _module_preset=&#8221;default&#8221; border_radii=&#8221;on|6px|6px|6px|6px&#8221; border_width_all=&#8221;2px&#8221; border_color_all=&#8221;#ae3e97&#8243; global_colors_info=&#8221;{}&#8221; toggle_text_color=&#8221;#ae3e97&#8243; toggle_text_align=&#8221;center&#8221; closed_toggle_text_align=&#8221;center&#8221; open=&#8221;off&#8221;]<\/p>\n<p><span style=\"font-weight: 400;\">Debes completar y aprobar los cuestionarios ubicados al final de cada m\u00f3dulo. Estos son obligatorios para culminar el proceso formativo.<\/span><\/p>\n<p>[\/et_pb_accordion_item][et_pb_accordion_item title=&#8221;\u00bfC\u00f3mo descargo mi constancia de participaci\u00f3n?&#8221; open_toggle_text_color=&#8221;#ae3e97&#8243; open_toggle_background_color=&#8221;#FFFFFF&#8221; closed_toggle_text_color=&#8221;#ae3e97&#8243; closed_toggle_background_color=&#8221;#FFFFFF&#8221; _builder_version=&#8221;4.27.5&#8243; _module_preset=&#8221;default&#8221; border_radii=&#8221;on|6px|6px|6px|6px&#8221; border_width_all=&#8221;2px&#8221; border_color_all=&#8221;#ae3e97&#8243; global_colors_info=&#8221;{}&#8221; toggle_text_color=&#8221;#ae3e97&#8243; toggle_text_align=&#8221;center&#8221; closed_toggle_text_align=&#8221;center&#8221; open=&#8221;off&#8221;]<\/p>\n<p><span style=\"font-weight: 400;\">Cuando completes y apruebes todos los cuestionarios, se habilitar\u00e1 el \u00faltimo m\u00f3dulo llamado \u201cCertificado o certificaci\u00f3n\u201d.<\/span><\/p>\n<p><span style=\"font-weight: 400;\">Ingresa all\u00ed, haz clic en \u201cCertificados\u201d y luego en \u201cDescargar certificado\u201d.<\/span><\/p>\n<p>[\/et_pb_accordion_item][et_pb_accordion_item title=&#8221;\u00bfQu\u00e9 es @Medell\u00edn 365?&#8221; open_toggle_text_color=&#8221;#ae3e97&#8243; open_toggle_background_color=&#8221;#FFFFFF&#8221; closed_toggle_text_color=&#8221;#ae3e97&#8243; closed_toggle_background_color=&#8221;#FFFFFF&#8221; _builder_version=&#8221;4.27.5&#8243; _module_preset=&#8221;default&#8221; border_radii=&#8221;on|6px|6px|6px|6px&#8221; border_width_all=&#8221;2px&#8221; border_color_all=&#8221;#ae3e97&#8243; global_colors_info=&#8221;{}&#8221; toggle_text_color=&#8221;#ae3e97&#8243; toggle_text_align=&#8221;center&#8221; closed_toggle_text_align=&#8221;center&#8221; open=&#8221;off&#8221;]<\/p>\n<p><span style=\"font-weight: 400;\">Es la estrategia de formaci\u00f3n virtual gratuita de la ciudad que ofrece oportunidades de cualificaci\u00f3n en \u00e1reas estrat\u00e9gicas para el desarrollo del talento en Medell\u00edn. Funciona bajo un modelo de inscripci\u00f3n permanente que permite iniciar formaci\u00f3n en cualquier momento del a\u00f1o.<\/span><\/p>\n<p>[\/et_pb_accordion_item][et_pb_accordion_item title=&#8221;\u00bfQu\u00e9 significa inscripci\u00f3n permanente o convocatoria 365?&#8221; open_toggle_text_color=&#8221;#ae3e97&#8243; open_toggle_background_color=&#8221;#FFFFFF&#8221; closed_toggle_text_color=&#8221;#ae3e97&#8243; closed_toggle_background_color=&#8221;#FFFFFF&#8221; _builder_version=&#8221;4.27.5&#8243; _module_preset=&#8221;default&#8221; border_radii=&#8221;on|6px|6px|6px|6px&#8221; border_width_all=&#8221;2px&#8221; border_color_all=&#8221;#ae3e97&#8243; global_colors_info=&#8221;{}&#8221; toggle_text_color=&#8221;#ae3e97&#8243; toggle_text_align=&#8221;center&#8221; closed_toggle_text_align=&#8221;center&#8221; open=&#8221;off&#8221;]<\/p>\n<p><span style=\"font-weight: 400;\">Significa que la oferta de cursos est\u00e1 disponible durante todo el a\u00f1o.<\/span><\/p>\n<p><span style=\"font-weight: 400;\">La Alcald\u00eda de Medell\u00edn, a trav\u00e9s de Sapiencia, implement\u00f3 un modelo de inscripci\u00f3n y formaci\u00f3n permanente que reemplaza el esquema anterior de fechas espec\u00edficas.<\/span><\/p>\n<p><span style=\"font-weight: 400;\">Ahora puedes iniciar tu proceso formativo de manera flexible y continua.<\/span><\/p>\n<p><span style=\"font-weight: 400;\">Adem\u00e1s, la plataforma cuenta con una ciudadela universitaria virtual donde puedes crear tu avatar y recorrer distritos de educaci\u00f3n, emprendimiento y entretenimiento, accediendo a informaci\u00f3n y oportunidades de la ciudad.<\/span><\/p>\n<p>[\/et_pb_accordion_item][et_pb_accordion_item title=&#8221;\u00bfQui\u00e9nes pueden inscribirse en los cursos?&#8221; open_toggle_text_color=&#8221;#ae3e97&#8243; open_toggle_background_color=&#8221;#FFFFFF&#8221; closed_toggle_text_color=&#8221;#ae3e97&#8243; closed_toggle_background_color=&#8221;#FFFFFF&#8221; _builder_version=&#8221;4.27.5&#8243; _module_preset=&#8221;default&#8221; border_radii=&#8221;on|6px|6px|6px|6px&#8221; border_width_all=&#8221;2px&#8221; border_color_all=&#8221;#ae3e97&#8243; global_colors_info=&#8221;{}&#8221; toggle_text_color=&#8221;#ae3e97&#8243; toggle_text_align=&#8221;center&#8221; closed_toggle_text_align=&#8221;center&#8221; open=&#8221;off&#8221;]<\/p>\n<p><span style=\"font-weight: 400;\">Personas mayores de 15 a\u00f1os que residan en Medell\u00edn o sus corregimientos.<\/span><\/p>\n<p>[\/et_pb_accordion_item][et_pb_accordion_item title=&#8221;\u00bfCu\u00e1l es la edad m\u00ednima para inscribirse?&#8221; open_toggle_text_color=&#8221;#ae3e97&#8243; open_toggle_background_color=&#8221;#FFFFFF&#8221; closed_toggle_text_color=&#8221;#ae3e97&#8243; closed_toggle_background_color=&#8221;#FFFFFF&#8221; _builder_version=&#8221;4.27.5&#8243; _module_preset=&#8221;default&#8221; border_radii=&#8221;on|6px|6px|6px|6px&#8221; border_width_all=&#8221;2px&#8221; border_color_all=&#8221;#ae3e97&#8243; global_colors_info=&#8221;{}&#8221; toggle_text_color=&#8221;#ae3e97&#8243; toggle_text_align=&#8221;center&#8221; closed_toggle_text_align=&#8221;center&#8221; open=&#8221;off&#8221;]<\/p>\n<p><span style=\"font-weight: 400;\">15 a\u00f1os.<\/span><\/p>\n<p>[\/et_pb_accordion_item][et_pb_accordion_item title=&#8221;\u00bfCu\u00e1ntos cursos puedo tomar al mismo tiempo?&#8221; open_toggle_text_color=&#8221;#ae3e97&#8243; open_toggle_background_color=&#8221;#FFFFFF&#8221; closed_toggle_text_color=&#8221;#ae3e97&#8243; closed_toggle_background_color=&#8221;#FFFFFF&#8221; _builder_version=&#8221;4.27.5&#8243; _module_preset=&#8221;default&#8221; border_radii=&#8221;on|6px|6px|6px|6px&#8221; border_width_all=&#8221;2px&#8221; border_color_all=&#8221;#ae3e97&#8243; global_colors_info=&#8221;{}&#8221; toggle_text_color=&#8221;#ae3e97&#8243; toggle_text_align=&#8221;center&#8221; closed_toggle_text_align=&#8221;center&#8221; open=&#8221;off&#8221;]<\/p>\n<p><span style=\"font-weight: 400;\">En el modelo permanente solo puedes estar inscrito en un (1) curso a la vez. Una vez lo finalices, podr\u00e1s matricularte en otro.<\/span><\/p>\n<p>[\/et_pb_accordion_item][et_pb_accordion_item title=&#8221;\u00bfCu\u00e1nto tiempo tengo para terminar el curso?&#8221; open_toggle_text_color=&#8221;#ae3e97&#8243; open_toggle_background_color=&#8221;#FFFFFF&#8221; closed_toggle_text_color=&#8221;#ae3e97&#8243; closed_toggle_background_color=&#8221;#FFFFFF&#8221; _builder_version=&#8221;4.27.5&#8243; _module_preset=&#8221;default&#8221; border_radii=&#8221;on|6px|6px|6px|6px&#8221; border_width_all=&#8221;2px&#8221; border_color_all=&#8221;#ae3e97&#8243; global_colors_info=&#8221;{}&#8221; toggle_text_color=&#8221;#ae3e97&#8243; toggle_text_align=&#8221;center&#8221; closed_toggle_text_align=&#8221;center&#8221; open=&#8221;off&#8221;]<\/p>\n<p><span style=\"font-weight: 400;\">Tienes hasta dos (2) meses desde la fecha de inscripci\u00f3n para completar el curso. <\/span><span style=\"font-weight: 400;\">Si no finalizas en ese tiempo, no podr\u00e1s obtener la certificaci\u00f3n en ese proceso formativo.<\/span><\/p>\n<p>[\/et_pb_accordion_item][et_pb_accordion_item title=&#8221;\u00bfQu\u00e9 debo tener en cuenta antes de inscribirme?&#8221; open_toggle_text_color=&#8221;#ae3e97&#8243; open_toggle_background_color=&#8221;#FFFFFF&#8221; closed_toggle_text_color=&#8221;#ae3e97&#8243; closed_toggle_background_color=&#8221;#FFFFFF&#8221; _builder_version=&#8221;4.27.5&#8243; _module_preset=&#8221;default&#8221; border_radii=&#8221;on|6px|6px|6px|6px&#8221; border_width_all=&#8221;2px&#8221; border_color_all=&#8221;#ae3e97&#8243; global_colors_info=&#8221;{}&#8221; toggle_text_color=&#8221;#ae3e97&#8243; toggle_text_align=&#8221;center&#8221; closed_toggle_text_align=&#8221;center&#8221; open=&#8221;off&#8221;]<\/p>\n<p><span style=\"font-weight: 400;\">Es importante revisar la informaci\u00f3n del curso, confirmar que cuentas con el tiempo disponible para desarrollarlo y realizar una inscripci\u00f3n informada y responsable.<\/span><\/p>\n<p>[\/et_pb_accordion_item][et_pb_accordion_item title=&#8221;\u00bfQu\u00e9 tipo de formaci\u00f3n ofrece @Medell\u00edn 365?&#8221; open_toggle_text_color=&#8221;#ae3e97&#8243; open_toggle_background_color=&#8221;#FFFFFF&#8221; closed_toggle_text_color=&#8221;#ae3e97&#8243; closed_toggle_background_color=&#8221;#FFFFFF&#8221; _builder_version=&#8221;4.27.5&#8243; _module_preset=&#8221;default&#8221; border_radii=&#8221;on|6px|6px|6px|6px&#8221; border_width_all=&#8221;2px&#8221; border_color_all=&#8221;#ae3e97&#8243; global_colors_info=&#8221;{}&#8221; toggle_text_color=&#8221;#ae3e97&#8243; toggle_text_align=&#8221;center&#8221; closed_toggle_text_align=&#8221;center&#8221; open=&#8221;off&#8221;]<\/p>\n<p><span style=\"font-weight: 400;\">Formaci\u00f3n virtual gratuita y autogestionable en \u00e1reas como habilidades digitales, industrias creativas, biling\u00fcismo, ciencia de datos, inteligencia artificial, emprendimiento y otras l\u00edneas estrat\u00e9gicas.<\/span><\/p>\n<p>[\/et_pb_accordion_item][et_pb_accordion_item title=&#8221;\u00bfCu\u00e1les son algunos de los cursos disponibles?&#8221; open_toggle_text_color=&#8221;#ae3e97&#8243; open_toggle_background_color=&#8221;#FFFFFF&#8221; closed_toggle_text_color=&#8221;#ae3e97&#8243; closed_toggle_background_color=&#8221;#FFFFFF&#8221; _builder_version=&#8221;4.27.5&#8243; _module_preset=&#8221;default&#8221; border_radii=&#8221;on|6px|6px|6px|6px&#8221; border_width_all=&#8221;2px&#8221; border_color_all=&#8221;#ae3e97&#8243; global_colors_info=&#8221;{}&#8221; toggle_text_color=&#8221;#ae3e97&#8243; toggle_text_align=&#8221;center&#8221; closed_toggle_text_align=&#8221;center&#8221; open=&#8221;off&#8221;]<\/p>\n<p><span style=\"font-weight: 400;\">Actualmente encontrar\u00e1s cursos como ingl\u00e9s (b\u00e1sico, intermedio, avanzado y sector tur\u00edstico), ciencia e ingenier\u00eda de datos, Excel intermedio y avanzado, inteligencia de negocios, inteligencia artificial, creatividad, fotograf\u00eda, producci\u00f3n musical, narrativas digitales, propiedad intelectual, emprendimiento cultural, entre otros.<\/span><\/p>\n<p><span style=\"font-weight: 400;\">Para conocer la oferta actualizada ingresa a:<\/span><span style=\"font-weight: 400;\"><br \/><\/span><a href=\"https:\/\/arrobamedellin.edu.co\/index.php\/programas-academicos\/educacion-continua\/\"><span style=\"font-weight: 400;\">https:\/\/arrobamedellin.edu.co\/index.php\/programas-academicos\/educacion-continua\/<\/span><\/a><\/p>\n<p>[\/et_pb_accordion_item][et_pb_accordion_item title=&#8221;\u00bfQu\u00e9 es la Ciudadela Universitaria Digital?&#8221; open_toggle_text_color=&#8221;#ae3e97&#8243; open_toggle_background_color=&#8221;#FFFFFF&#8221; closed_toggle_text_color=&#8221;#ae3e97&#8243; closed_toggle_background_color=&#8221;#FFFFFF&#8221; _builder_version=&#8221;4.27.5&#8243; _module_preset=&#8221;default&#8221; border_radii=&#8221;on|6px|6px|6px|6px&#8221; border_width_all=&#8221;2px&#8221; border_color_all=&#8221;#ae3e97&#8243; global_colors_info=&#8221;{}&#8221; toggle_text_color=&#8221;#ae3e97&#8243; toggle_text_align=&#8221;center&#8221; closed_toggle_text_align=&#8221;center&#8221; open=&#8221;off&#8221;]<\/p>\n<p><span style=\"font-weight: 400;\">Es el ecosistema digital de formaci\u00f3n de @Medell\u00edn 365. All\u00ed se integran cursos, rutas de aprendizaje y servicios en un entorno virtual interactivo donde puedes recorrer distintos distritos acad\u00e9micos.<\/span><\/p>\n<p>[\/et_pb_accordion_item][et_pb_accordion_item title=&#8221;\u00bfC\u00f3mo ingreso a la Ciudadela Digital?&#8221; open_toggle_text_color=&#8221;#ae3e97&#8243; open_toggle_background_color=&#8221;#FFFFFF&#8221; closed_toggle_text_color=&#8221;#ae3e97&#8243; closed_toggle_background_color=&#8221;#FFFFFF&#8221; _builder_version=&#8221;4.27.5&#8243; _module_preset=&#8221;default&#8221; border_radii=&#8221;on|6px|6px|6px|6px&#8221; border_width_all=&#8221;2px&#8221; border_color_all=&#8221;#ae3e97&#8243; global_colors_info=&#8221;{}&#8221; toggle_text_color=&#8221;#ae3e97&#8243; toggle_text_align=&#8221;center&#8221; closed_toggle_text_align=&#8221;center&#8221; open=&#8221;off&#8221;]<\/p>\n<p><span style=\"font-weight: 400;\">Debes ingresar a:<\/span><span style=\"font-weight: 400;\"><br \/><\/span><a href=\"https:\/\/ciudadeladigital.arrobamedellin.edu.co\/\"><span style=\"font-weight: 400;\">https:\/\/ciudadeladigital.arrobamedellin.edu.co\/<\/span><\/a><\/p>\n<p><span style=\"font-weight: 400;\">Tu usuario y contrase\u00f1a inicial son tu n\u00famero de documento.<\/span><span style=\"font-weight: 400;\"><br \/><\/span><span style=\"font-weight: 400;\">En tu primer ingreso, la plataforma te solicitar\u00e1 cambiar la contrase\u00f1a.<\/span><\/p>\n<p>[\/et_pb_accordion_item][et_pb_accordion_item title=&#8221;\u00bfC\u00f3mo actualizo mi nombre, apellido o n\u00famero de documento?&#8221; open_toggle_text_color=&#8221;#ae3e97&#8243; open_toggle_background_color=&#8221;#FFFFFF&#8221; closed_toggle_text_color=&#8221;#ae3e97&#8243; closed_toggle_background_color=&#8221;#FFFFFF&#8221; _builder_version=&#8221;4.27.5&#8243; _module_preset=&#8221;default&#8221; border_radii=&#8221;on|6px|6px|6px|6px&#8221; border_width_all=&#8221;2px&#8221; border_color_all=&#8221;#ae3e97&#8243; global_colors_info=&#8221;{}&#8221; toggle_text_color=&#8221;#ae3e97&#8243; toggle_text_align=&#8221;center&#8221; closed_toggle_text_align=&#8221;center&#8221; open=&#8221;off&#8221;]<\/p>\n<p><span style=\"font-weight: 400;\">Debes enviar un ticket solicitando la actualizaci\u00f3n de datos e indicar claramente qu\u00e9 informaci\u00f3n debe corregirse en:<\/span><span style=\"font-weight: 400;\"><br \/><\/span><a href=\"https:\/\/soporte.arrobamedellin.edu.co\/support\/upload\/open.php\"><span style=\"font-weight: 400;\">https:\/\/soporte.arrobamedellin.edu.co\/support\/upload\/open.php<\/span><\/a><\/p>\n<p>[\/et_pb_accordion_item][et_pb_accordion_item title=&#8221;\u00bfC\u00f3mo reporto un problema en la plataforma?&#8221; open_toggle_text_color=&#8221;#ae3e97&#8243; open_toggle_background_color=&#8221;#FFFFFF&#8221; closed_toggle_text_color=&#8221;#ae3e97&#8243; closed_toggle_background_color=&#8221;#FFFFFF&#8221; _builder_version=&#8221;4.27.5&#8243; _module_preset=&#8221;default&#8221; border_radii=&#8221;on|6px|6px|6px|6px&#8221; border_width_all=&#8221;2px&#8221; border_color_all=&#8221;#ae3e97&#8243; global_colors_info=&#8221;{}&#8221; toggle_text_color=&#8221;#ae3e97&#8243; toggle_text_align=&#8221;center&#8221; closed_toggle_text_align=&#8221;center&#8221; open=&#8221;off&#8221;]<\/p>\n<p><span style=\"font-weight: 400;\">Puedes enviar un ticket explicando la situaci\u00f3n en el siguiente enlace:<\/span><span style=\"font-weight: 400;\"><br \/><\/span><a href=\"https:\/\/soporte.arrobamedellin.edu.co\/support\/upload\/open.php\"><span style=\"font-weight: 400;\">https:\/\/soporte.arrobamedellin.edu.co\/support\/upload\/open.php<\/span><\/a><\/p>\n<p>[\/et_pb_accordion_item][et_pb_accordion_item title=&#8221;\u00bfA partir de cu\u00e1ndo puedo solicitar cancelaci\u00f3n voluntaria del curso?&#8221; open_toggle_text_color=&#8221;#ae3e97&#8243; open_toggle_background_color=&#8221;#FFFFFF&#8221; closed_toggle_text_color=&#8221;#ae3e97&#8243; closed_toggle_background_color=&#8221;#FFFFFF&#8221; _builder_version=&#8221;4.27.5&#8243; _module_preset=&#8221;default&#8221; border_radii=&#8221;on|6px|6px|6px|6px&#8221; border_width_all=&#8221;2px&#8221; border_color_all=&#8221;#ae3e97&#8243; global_colors_info=&#8221;{}&#8221; toggle_text_color=&#8221;#ae3e97&#8243; toggle_text_align=&#8221;center&#8221; closed_toggle_text_align=&#8221;center&#8221; open=&#8221;off&#8221;]<\/p>\n<p><span style=\"font-weight: 400;\">La cancelaci\u00f3n voluntaria puede solicitarse desde la tercera semana posterior a la inscripci\u00f3n.<\/span><\/p>\n<p>[\/et_pb_accordion_item][et_pb_accordion_item title=&#8221;\u00bfQu\u00e9 se requiere para estudiar en los cursos virtuales?&#8221; open_toggle_text_color=&#8221;#ae3e97&#8243; open_toggle_background_color=&#8221;#FFFFFF&#8221; closed_toggle_text_color=&#8221;#ae3e97&#8243; closed_toggle_background_color=&#8221;#FFFFFF&#8221; _builder_version=&#8221;4.27.5&#8243; _module_preset=&#8221;default&#8221; border_radii=&#8221;on|6px|6px|6px|6px&#8221; border_width_all=&#8221;2px&#8221; border_color_all=&#8221;#ae3e97&#8243; global_colors_info=&#8221;{}&#8221; toggle_text_color=&#8221;#ae3e97&#8243; toggle_text_align=&#8221;center&#8221; closed_toggle_text_align=&#8221;center&#8221; open=&#8221;off&#8221;]<\/p>\n<p><span style=\"font-weight: 400;\">Contar con un dispositivo con acceso a internet y disponibilidad de tiempo para desarrollar el curso de manera aut\u00f3noma.<\/span><\/p>\n<p>[\/et_pb_accordion_item][\/et_pb_accordion][\/et_pb_column][\/et_pb_row][\/et_pb_section][et_pb_section fb_built=&#8221;1&#8243; _builder_version=&#8221;4.16&#8243; _module_preset=&#8221;default&#8221; background_image=&#8221;https:\/\/arrobamedellin.edu.co\/wp-content\/uploads\/2021\/07\/Mesa-de-trabajo-19.png&#8221; global_colors_info=&#8221;{}&#8221;][et_pb_row use_custom_gutter=&#8221;on&#8221; gutter_width=&#8221;1&#8243; _builder_version=&#8221;4.27.5&#8243; _module_preset=&#8221;default&#8221; width=&#8221;23.6%&#8221; width_tablet=&#8221;&#8221; width_phone=&#8221;100%&#8221; width_last_edited=&#8221;on|phone&#8221; hover_enabled=&#8221;0&#8243; global_colors_info=&#8221;{}&#8221; sticky_enabled=&#8221;0&#8243;][et_pb_column type=&#8221;4_4&#8243; _builder_version=&#8221;4.16&#8243; _module_preset=&#8221;default&#8221; global_colors_info=&#8221;{}&#8221;][et_pb_image src=&#8221;https:\/\/arrobamedellin.edu.co\/wp-content\/uploads\/2021\/07\/Botones-@medellin-21.png&#8221; title_text=&#8221;Botones @medell\u00edn-21&#8243; url=&#8221;https:\/\/soporte.arrobamedellin.edu.co\/support\/upload\/&#8221; align=&#8221;center&#8221; _builder_version=&#8221;4.16&#8243; _module_preset=&#8221;default&#8221; width=&#8221;70%&#8221; global_colors_info=&#8221;{}&#8221;][\/et_pb_image][et_pb_button button_url=&#8221;https:\/\/soporte.arrobamedellin.edu.co\/support\/upload\/&#8221; button_text=&#8221;CENTRO DE SOPORTE&#8221; button_alignment=&#8221;center&#8221; _builder_version=&#8221;4.16&#8243; _module_preset=&#8221;default&#8221; custom_button=&#8221;on&#8221; button_text_size=&#8221;22px&#8221; button_text_color=&#8221;#ac3e95&#8243; button_bg_color=&#8221;#FFFFFF&#8221; button_border_radius=&#8221;8px&#8221; button_letter_spacing=&#8221;0px&#8221; button_font=&#8221;Ostrich|700|||||||&#8221; button_use_icon=&#8221;off&#8221; custom_margin=&#8221;5px||||false|false&#8221; custom_margin_tablet=&#8221;&#8221; custom_margin_phone=&#8221;||||false|false&#8221; custom_margin_last_edited=&#8221;on|phone&#8221; custom_padding=&#8221;|25px||25px|false|true&#8221; custom_padding_tablet=&#8221;|40px||40px|false|true&#8221; custom_padding_phone=&#8221;|55px||55px|false|true&#8221; custom_padding_last_edited=&#8221;on|phone&#8221; button_text_size_tablet=&#8221;35px&#8221; button_text_size_phone=&#8221;22px&#8221; button_text_size_last_edited=&#8221;on|desktop&#8221; global_colors_info=&#8221;{}&#8221; button_bg_color__hover_enabled=&#8221;on|hover&#8221; button_bg_color__hover=&#8221;#ac3e95&#8243; button_bg_enable_color__hover=&#8221;on&#8221; button_text_color__hover_enabled=&#8221;on|hover&#8221; button_text_color__hover=&#8221;#FFFFFF&#8221;][\/et_pb_button][\/et_pb_column][\/et_pb_row][\/et_pb_section][et_pb_section fb_built=&#8221;1&#8243; _builder_version=&#8221;4.14.1&#8243; _module_preset=&#8221;default&#8221; background_color=&#8221;#f2f2f2&#8243; background_enable_color=&#8221;off&#8221; custom_padding=&#8221;||2px|||&#8221; global_module=&#8221;1008&#8243; saved_tabs=&#8221;all&#8221; locked=&#8221;off&#8221; collapsed=&#8221;on&#8221; global_colors_info=&#8221;{}&#8221;][et_pb_row _builder_version=&#8221;4.16&#8243; _module_preset=&#8221;default&#8221; global_colors_info=&#8221;{}&#8221;][et_pb_column type=&#8221;4_4&#8243; _builder_version=&#8221;4.16&#8243; _module_preset=&#8221;default&#8221; global_colors_info=&#8221;{}&#8221;][et_pb_text _builder_version=&#8221;4.18.0&#8243; _module_preset=&#8221;default&#8221; text_font=&#8221;Roboto Condensed||||||||&#8221; text_text_color=&#8221;#007df4&#8243; text_font_size=&#8221;30px&#8221; header_font=&#8221;|800|||||||&#8221; header_text_align=&#8221;center&#8221; header_text_color=&#8221;#0C71C3&#8243; header_font_size=&#8221;55px&#8221; text_orientation=&#8221;center&#8221; width=&#8221;90%&#8221; module_alignment=&#8221;center&#8221; link_option_url=&#8221;https:\/\/arrobamedellin.edu.co\/index.php\/inicio\/red-de-instituciones\/&#8221; header_font_size_tablet=&#8221;&#8221; header_font_size_phone=&#8221;25px&#8221; header_font_size_last_edited=&#8221;on|phone&#8221; custom_css_main_element=&#8221;padding-bottom: 5px;||border-bottom-style: solid;||border-bottom-width: 3.1px;||width: fit-content;&#8221; global_colors_info=&#8221;{}&#8221;]<\/p>\n<p style=\"text-align: center;\"><strong>Aliados Estrat\u00e9gicos<\/strong><\/p>\n<p>[\/et_pb_text][\/et_pb_column][\/et_pb_row][et_pb_row _builder_version=&#8221;4.16&#8243; _module_preset=&#8221;default&#8221; width=&#8221;70%&#8221; custom_padding=&#8221;||50px||false|false&#8221; global_colors_info=&#8221;{}&#8221;][et_pb_column type=&#8221;4_4&#8243; _builder_version=&#8221;4.16&#8243; _module_preset=&#8221;default&#8221; global_colors_info=&#8221;{}&#8221;][wdcl_logo_carousel slide_count=&#8221;4&#8243; logo_height=&#8221;150px&#8221; logo_width=&#8221;150px&#8221; slide_count_tablet=&#8221;&#8221; slide_count_phone=&#8221;3&#8243; slide_count_last_edited=&#8221;on|phone&#8221; admin_label=&#8221;Wow Logo Carousel&#8221; _builder_version=&#8221;4.27.5&#8243; _module_preset=&#8221;default&#8221; animation_style=&#8221;zoom&#8221; global_colors_info=&#8221;{}&#8221;][wdcl_logo_carousel_child logo=&#8221;https:\/\/arrobamedellin.edu.co\/wp-content\/uploads\/2021\/08\/Botones-@medellin-122.png&#8221; _builder_version=&#8221;4.27.4&#8243; _module_preset=&#8221;default&#8221; link_option_url=&#8221;https:\/\/arrobamedellin.edu.co\/index.php\/inicio\/red-de-instituciones\/itm\/&#8221; global_colors_info=&#8221;{}&#8221;][\/wdcl_logo_carousel_child][wdcl_logo_carousel_child logo=&#8221;https:\/\/arrobamedellin.edu.co\/wp-content\/uploads\/2021\/08\/Botones-@medellin-124.png&#8221; _builder_version=&#8221;4.27.4&#8243; _module_preset=&#8221;default&#8221; link_option_url=&#8221;https:\/\/arrobamedellin.edu.co\/index.php\/inicio\/red-de-instituciones\/colegio-mayor\/&#8221; global_colors_info=&#8221;{}&#8221;][\/wdcl_logo_carousel_child][wdcl_logo_carousel_child logo=&#8221;https:\/\/arrobamedellin.edu.co\/wp-content\/uploads\/2021\/08\/Botones-@medellin-123.png&#8221; _builder_version=&#8221;4.27.5&#8243; _module_preset=&#8221;default&#8221; global_colors_info=&#8221;{}&#8221;][\/wdcl_logo_carousel_child][\/wdcl_logo_carousel][\/et_pb_column][\/et_pb_row][\/et_pb_section]<\/p>\n","protected":false},"excerpt":{"rendered":"<p>Para ingresar a la Ciudadela Digital @Medell\u00edn debes entrar a: https:\/\/ciudadeladigital.arrobamedellin.edu.co\/ Tu usuario y contrase\u00f1a inicial son tu n\u00famero de documento. Si es tu primer ingreso, la plataforma te pedir\u00e1 cambiar la contrase\u00f1a.En la p\u00e1gina principal de la Ciudadela Digital haz clic en \u201c\u00bfOlvidaste tu contrase\u00f1a?\u201d. Ingresa tu n\u00famero de documento y selecciona el correo [&hellip;]<\/p>\n","protected":false},"author":1,"featured_media":0,"parent":1921,"menu_order":0,"comment_status":"closed","ping_status":"closed","template":"","meta":{"_et_pb_use_builder":"on","_et_pb_old_content":"<!-- wp:divi\/placeholder \/-->","_et_gb_content_width":"","footnotes":""},"class_list":["post-1939","page","type-page","status-publish","hentry"],"_links":{"self":[{"href":"https:\/\/arrobamedellin.edu.co\/index.php\/wp-json\/wp\/v2\/pages\/1939","targetHints":{"allow":["GET"]}}],"collection":[{"href":"https:\/\/arrobamedellin.edu.co\/index.php\/wp-json\/wp\/v2\/pages"}],"about":[{"href":"https:\/\/arrobamedellin.edu.co\/index.php\/wp-json\/wp\/v2\/types\/page"}],"author":[{"embeddable":true,"href":"https:\/\/arrobamedellin.edu.co\/index.php\/wp-json\/wp\/v2\/users\/1"}],"replies":[{"embeddable":true,"href":"https:\/\/arrobamedellin.edu.co\/index.php\/wp-json\/wp\/v2\/comments?post=1939"}],"version-history":[{"count":57,"href":"https:\/\/arrobamedellin.edu.co\/index.php\/wp-json\/wp\/v2\/pages\/1939\/revisions"}],"predecessor-version":[{"id":14272,"href":"https:\/\/arrobamedellin.edu.co\/index.php\/wp-json\/wp\/v2\/pages\/1939\/revisions\/14272"}],"up":[{"embeddable":true,"href":"https:\/\/arrobamedellin.edu.co\/index.php\/wp-json\/wp\/v2\/pages\/1921"}],"wp:attachment":[{"href":"https:\/\/arrobamedellin.edu.co\/index.php\/wp-json\/wp\/v2\/media?parent=1939"}],"curies":[{"name":"wp","href":"https:\/\/api.w.org\/{rel}","templated":true}]}}