{"id":1811,"date":"2021-03-20T07:23:18","date_gmt":"2021-03-20T12:23:18","guid":{"rendered":"http:\/\/arrobamedellin.edu.co\/?page_id=1811"},"modified":"2026-04-23T10:17:27","modified_gmt":"2026-04-23T15:17:27","slug":"maestria-en-estudios-de-ciencia-tecnologia-sociedad-e-innovacion","status":"publish","type":"page","link":"https:\/\/arrobamedellin.edu.co\/index.php\/programas-academicos\/educacion-superior\/maestria-en-estudios-de-ciencia-tecnologia-sociedad-e-innovacion\/","title":{"rendered":"Maestr\u00eda en Estudios de Ciencia, Tecnolog\u00eda, Sociedad e Innovaci\u00f3n"},"content":{"rendered":"<p>[et_pb_section fb_built=&#8221;1&#8243; fullwidth=&#8221;on&#8221; _builder_version=&#8221;4.16&#8243; _module_preset=&#8221;default&#8221; global_colors_info=&#8221;{}&#8221;][et_pb_fullwidth_image src=&#8221;https:\/\/arrobamedellin.edu.co\/wp-content\/uploads\/2021\/07\/Mesa-de-trabajo-4.png&#8221; title_text=&#8221;Mesa de trabajo 4&#8243; _builder_version=&#8221;4.16&#8243; _module_preset=&#8221;default&#8221; global_colors_info=&#8221;{}&#8221;][\/et_pb_fullwidth_image][\/et_pb_section][et_pb_section fb_built=&#8221;1&#8243; _builder_version=&#8221;4.16&#8243; _module_preset=&#8221;default&#8221; background_enable_color=&#8221;off&#8221; custom_margin=&#8221;||||false|false&#8221; custom_padding=&#8221;0px||0px||false|false&#8221; locked=&#8221;off&#8221; global_colors_info=&#8221;{}&#8221;][et_pb_row _builder_version=&#8221;4.16&#8243; _module_preset=&#8221;default&#8221; global_colors_info=&#8221;{}&#8221;][et_pb_column type=&#8221;4_4&#8243; _builder_version=&#8221;4.16&#8243; _module_preset=&#8221;default&#8221; global_colors_info=&#8221;{}&#8221;][et_pb_text _builder_version=&#8221;4.16&#8243; _module_preset=&#8221;default&#8221; text_font=&#8221;Roboto Condensed|700|||||||&#8221; text_font_size=&#8221;18px&#8221; text_orientation=&#8221;center&#8221; custom_margin=&#8221;15px||||false|false&#8221; global_colors_info=&#8221;{}&#8221;]<\/p>\n<p><a href=\"https:\/\/arrobamedellin.edu.co\/index.php\/programas-academicos\" style=\"color: #666;\">Programas acad\u00e9micos<\/a> &gt; <a href=\"https:\/\/arrobamedellin.edu.co\/index.php\/programas-academicos\/posgrados\/\" style=\"color: #666;\">Posgrados<\/a> &gt; <span style=\"color: #ac3e95;\">Maestr\u00eda en Estudios de Ciencia, Tecnolog\u00eda, Sociedad e Innovaci\u00f3n<\/span><\/p>\n<p>[\/et_pb_text][\/et_pb_column][\/et_pb_row][et_pb_row column_structure=&#8221;2_5,3_5&#8243; use_custom_gutter=&#8221;on&#8221; gutter_width=&#8221;2&#8243; _builder_version=&#8221;4.16&#8243; _module_preset=&#8221;default&#8221; width=&#8221;65%&#8221; width_tablet=&#8221;&#8221; width_phone=&#8221;100%&#8221; width_last_edited=&#8221;on|phone&#8221; global_colors_info=&#8221;{}&#8221;][et_pb_column type=&#8221;2_5&#8243; _builder_version=&#8221;4.16&#8243; _module_preset=&#8221;default&#8221; global_colors_info=&#8221;{}&#8221;][et_pb_image src=&#8221;https:\/\/arrobamedellin.edu.co\/wp-content\/uploads\/2026\/04\/CUBO-@MED-2.jpg&#8221; alt=&#8221;imagen maestr\u00eda en estudios de ciencia&#8221; title_text=&#8221;CUBO-@MED-2&#8243; align=&#8221;center&#8221; _builder_version=&#8221;4.27.6&#8243; _module_preset=&#8221;default&#8221; width_tablet=&#8221;&#8221; width_phone=&#8221;80%&#8221; width_last_edited=&#8221;on|phone&#8221; hover_enabled=&#8221;0&#8243; global_colors_info=&#8221;{}&#8221; border_radii=&#8221;on|20px|20px|20px|20px&#8221; sticky_enabled=&#8221;0&#8243;][\/et_pb_image][et_pb_text _builder_version=&#8221;4.23.1&#8243; _module_preset=&#8221;default&#8221; text_font=&#8221;Roboto Condensed||||||||&#8221; text_font_size=&#8221;18px&#8221; background_color=&#8221;#f0f0f0&#8243; custom_margin=&#8221;||||false|false&#8221; custom_margin_tablet=&#8221;&#8221; custom_margin_phone=&#8221;|30px||30px|false|true&#8221; custom_margin_last_edited=&#8221;on|phone&#8221; custom_padding=&#8221;10px|10px|10px|10px|true|true&#8221; border_radii=&#8221;on|10px|10px|10px|10px&#8221; locked=&#8221;off&#8221; global_colors_info=&#8221;{}&#8221;]<\/p>\n<p><img decoding=\"async\" src=\"https:\/\/arrobamedellin.edu.co\/wp-content\/uploads\/2021\/08\/Botones-@medellin-113.png\" width=\"40px\" \/> Pr\u00f3ximamente<\/p>\n<p style=\"margin-top: -30px;\"><img decoding=\"async\" src=\"https:\/\/arrobamedellin.edu.co\/wp-content\/uploads\/2021\/08\/Botones-@medellin-114.png\" width=\"40px\" \/> 4 Periodos Acad\u00e9micos<\/p>\n<p style=\"margin-top: -30px;\"><img decoding=\"async\" src=\"https:\/\/arrobamedellin.edu.co\/wp-content\/uploads\/2021\/08\/Botones-@medellin-115-2.png\" width=\"40px\" \/> Virtual y con costo<\/p>\n<p style=\"margin-top: -30px;\"><img decoding=\"async\" src=\"https:\/\/arrobamedellin.edu.co\/wp-content\/uploads\/2021\/08\/Botones-@medellin-116-1.png\" width=\"40px\" \/> I.U. ITM<\/p>\n<p style=\"margin-top: -30px;\"><img decoding=\"async\" src=\"https:\/\/arrobamedellin.edu.co\/wp-content\/uploads\/2021\/08\/Botones-@medellin-117-1.png\" width=\"40px\" \/> Cr\u00e9ditos: 60<\/p>\n<p style=\"margin-top: -30px;\"><img decoding=\"async\" src=\"https:\/\/arrobamedellin.edu.co\/wp-content\/uploads\/2021\/08\/Botones-@medellin-118.png\" width=\"40px\" \/> C\u00f3digo SNIES: 107423<\/p>\n<h6><span style=\"color: #808080;\"><span style=\"color: #333333;\">Para mayor informaci\u00f3n ingresa a<\/span>\u00a0<\/span><span style=\"text-decoration: underline; color: #3366ff;\"><a href=\"https:\/\/www.itm.edu.co \/\" target=\"_blank\" rel=\"noopener\" style=\"color: #3366ff; text-decoration: underline;\">www.itm.edu.co <\/a><\/span><\/h6>\n<p>[\/et_pb_text][\/et_pb_column][et_pb_column type=&#8221;3_5&#8243; _builder_version=&#8221;4.16&#8243; _module_preset=&#8221;default&#8221; global_colors_info=&#8221;{}&#8221;][et_pb_text _builder_version=&#8221;4.16&#8243; _module_preset=&#8221;default&#8221; text_font=&#8221;Roboto Condensed|700|||||||&#8221; text_text_color=&#8221;#007df6&#8243; text_font_size=&#8221;30px&#8221; header_font=&#8221;Roboto Condensed|700|||||||&#8221; width_tablet=&#8221;40%&#8221; width_phone=&#8221;45%&#8221; width_last_edited=&#8221;on|phone&#8221; module_alignment=&#8221;left&#8221; custom_margin=&#8221;20px||||false|false&#8221; custom_margin_tablet=&#8221;|20px||20px|false|false&#8221; custom_margin_phone=&#8221;&#8221; custom_margin_last_edited=&#8221;on|phone&#8221; text_font_size_tablet=&#8221;40px&#8221; text_font_size_phone=&#8221;28px&#8221; text_font_size_last_edited=&#8221;on|tablet&#8221; text_orientation_tablet=&#8221;center&#8221; text_orientation_phone=&#8221;center&#8221; text_orientation_last_edited=&#8221;on|phone&#8221; module_alignment_tablet=&#8221;center&#8221; module_alignment_phone=&#8221;center&#8221; module_alignment_last_edited=&#8221;on|phone&#8221; custom_css_main_element=&#8221;padding-bottom: 5px;||border-bottom-style: solid;||border-bottom-width: 3.1px;||width: fit-content;&#8221; global_colors_info=&#8221;{}&#8221;]<\/p>\n<p>Descripci\u00f3n<\/p>\n<p>[\/et_pb_text][et_pb_text _builder_version=&#8221;4.16&#8243; _module_preset=&#8221;default&#8221; text_font=&#8221;Roboto Condensed||||||||&#8221; text_text_color=&#8221;#6d6e70&#8243; text_font_size=&#8221;22px&#8221; custom_margin=&#8221;||||false|false&#8221; custom_margin_tablet=&#8221;|40px||40px|false|true&#8221; custom_margin_phone=&#8221;|40px||40px|false|true&#8221; custom_margin_last_edited=&#8221;on|phone&#8221; custom_padding=&#8221;20px||||false|false&#8221; global_colors_info=&#8221;{}&#8221;]<\/p>\n<p style=\"text-align: justify;\"><span>El programa busca formar un mag\u00edster en Estudios de Ciencia, Tecnolog\u00eda, Sociedad e Innovaci\u00f3n que, desde perspectivas cr\u00edticas y anal\u00edticas, contribuya al desarrollo acad\u00e9mico, investigativo y cient\u00edfico del pa\u00eds y de la regi\u00f3n, y que potencie los escenarios de competitividad y sostenibilidad para el Sistema Nacional de Ciencia y Tecnolog\u00eda.<\/span><\/p>\n<p>[\/et_pb_text][\/et_pb_column][\/et_pb_row][\/et_pb_section][et_pb_section fb_built=&#8221;1&#8243; disabled_on=&#8221;on|on|off&#8221; _builder_version=&#8221;4.16&#8243; _module_preset=&#8221;default&#8221; locked=&#8221;off&#8221; global_colors_info=&#8221;{}&#8221;][et_pb_row _builder_version=&#8221;4.16&#8243; _module_preset=&#8221;default&#8221; global_colors_info=&#8221;{}&#8221;][et_pb_column type=&#8221;4_4&#8243; _builder_version=&#8221;4.16&#8243; _module_preset=&#8221;default&#8221; global_colors_info=&#8221;{}&#8221;][et_pb_text _builder_version=&#8221;4.16&#8243; _module_preset=&#8221;default&#8221; text_font=&#8221;Roboto Condensed|700|||||||&#8221; text_text_color=&#8221;#007df6&#8243; text_font_size=&#8221;30px&#8221; header_font=&#8221;Roboto Condensed|700|||||||&#8221; width=&#8221;10%&#8221; module_alignment=&#8221;center&#8221; text_font_size_tablet=&#8221;50px&#8221; text_font_size_phone=&#8221;45px&#8221; text_font_size_last_edited=&#8221;on|phone&#8221; custom_css_main_element=&#8221;padding-bottom: 5px;||border-bottom-style: solid;||border-bottom-width: 3.1px;||width: fit-content;&#8221; global_colors_info=&#8221;{}&#8221;]<\/p>\n<p style=\"text-align: center;\">Especificaciones<\/p>\n<p>[\/et_pb_text][\/et_pb_column][\/et_pb_row][et_pb_row column_structure=&#8221;1_3,1_3,1_3&#8243; use_custom_gutter=&#8221;on&#8221; gutter_width=&#8221;1&#8243; _builder_version=&#8221;4.16&#8243; _module_preset=&#8221;default&#8221; width=&#8221;50%&#8221; custom_margin=&#8221;||||false|false&#8221; custom_padding=&#8221;||||false|false&#8221; locked=&#8221;off&#8221; global_colors_info=&#8221;{}&#8221;][et_pb_column type=&#8221;1_3&#8243; _builder_version=&#8221;4.16&#8243; _module_preset=&#8221;default&#8221; global_colors_info=&#8221;{}&#8221;][et_pb_image src=&#8221;https:\/\/arrobamedellin.edu.co\/wp-content\/uploads\/2021\/08\/Botones-@medellin-112.png&#8221; align=&#8221;center&#8221; module_id=&#8221;showContenidoDesktop1&#8243; _builder_version=&#8221;4.16&#8243; _module_preset=&#8221;default&#8221; width=&#8221;100%&#8221; custom_margin=&#8221;||||false|false&#8221; custom_padding=&#8221;||||false|false&#8221; custom_css_main_element=&#8221;display: none;&#8221; global_colors_info=&#8221;{}&#8221; src__hover_enabled=&#8221;on|hover&#8221; src__hover=&#8221;https:\/\/arrobamedellin.edu.co\/wp-content\/uploads\/2021\/08\/Botones-@medellin-105.png&#8221;][\/et_pb_image][et_pb_image src=&#8221;https:\/\/arrobamedellin.edu.co\/wp-content\/uploads\/2021\/08\/Botones-@medellin-105.png&#8221; align=&#8221;center&#8221; module_id=&#8221;showContenidoDesktop2&#8243; _builder_version=&#8221;4.16&#8243; _module_preset=&#8221;default&#8221; width=&#8221;100%&#8221; global_colors_info=&#8221;{}&#8221; src__hover_enabled=&#8221;off|desktop&#8221; src__hover=&#8221;https:\/\/arrobamedellin.edu.co\/wp-content\/uploads\/2021\/08\/Botones-@medellin-41.png&#8221;][\/et_pb_image][\/et_pb_column][et_pb_column type=&#8221;1_3&#8243; _builder_version=&#8221;4.16&#8243; _module_preset=&#8221;default&#8221; global_colors_info=&#8221;{}&#8221;][et_pb_image src=&#8221;https:\/\/arrobamedellin.edu.co\/wp-content\/uploads\/2021\/08\/Botones-@medellin-111.png&#8221; show_bottom_space=&#8221;off&#8221; align=&#8221;center&#8221; module_id=&#8221;showRequisitosDesktop1&#8243; _builder_version=&#8221;4.16&#8243; _module_preset=&#8221;default&#8221; width=&#8221;75%&#8221; custom_margin=&#8221;|||15%|false|false&#8221; global_colors_info=&#8221;{}&#8221; src__hover_enabled=&#8221;on|hover&#8221; src__hover=&#8221;https:\/\/arrobamedellin.edu.co\/wp-content\/uploads\/2021\/08\/Botones-@medellin-106.png&#8221;][\/et_pb_image][et_pb_image src=&#8221;https:\/\/arrobamedellin.edu.co\/wp-content\/uploads\/2021\/08\/Botones-@medellin-106.png&#8221; align=&#8221;center&#8221; module_id=&#8221;showRequisitosDesktop2&#8243; _builder_version=&#8221;4.16&#8243; _module_preset=&#8221;default&#8221; width=&#8221;75%&#8221; custom_margin=&#8221;|||15%|false|false&#8221; custom_css_main_element=&#8221;display: none;&#8221; global_colors_info=&#8221;{}&#8221; src__hover_enabled=&#8221;off|desktop&#8221; src__hover=&#8221;https:\/\/arrobamedellin.edu.co\/wp-content\/uploads\/2021\/08\/Botones-@medellin-42.png&#8221;][\/et_pb_image][\/et_pb_column][et_pb_column type=&#8221;1_3&#8243; _builder_version=&#8221;4.16&#8243; _module_preset=&#8221;default&#8221; global_colors_info=&#8221;{}&#8221;][et_pb_image src=&#8221;https:\/\/arrobamedellin.edu.co\/wp-content\/uploads\/2021\/08\/Botones-@medellin-109.png&#8221; url_new_window=&#8221;on&#8221; align=&#8221;center&#8221; module_id=&#8221;showMallaDesktop1&#8243; _builder_version=&#8221;4.16&#8243; _module_preset=&#8221;default&#8221; width=&#8221;92%&#8221; custom_margin=&#8221;||||false|false&#8221; global_colors_info=&#8221;{}&#8221; src__hover_enabled=&#8221;on|desktop&#8221; src__hover=&#8221;https:\/\/arrobamedellin.edu.co\/wp-content\/uploads\/2021\/08\/Botones-@medellin-108.png&#8221;][\/et_pb_image][et_pb_image src=&#8221;https:\/\/arrobamedellin.edu.co\/wp-content\/uploads\/2021\/08\/Botones-@medellin-108.png&#8221; align=&#8221;center&#8221; module_id=&#8221;showMallaDesktop2&#8243; _builder_version=&#8221;4.16&#8243; _module_preset=&#8221;default&#8221; width=&#8221;92%&#8221; custom_css_main_element=&#8221;display: none;&#8221; global_colors_info=&#8221;{}&#8221;][\/et_pb_image][\/et_pb_column][\/et_pb_row][et_pb_row module_id=&#8221;hiddenContenidoDesktop&#8221; _builder_version=&#8221;4.16&#8243; _module_preset=&#8221;default&#8221; background_color=&#8221;#f0f0f0&#8243; width=&#8221;50%&#8221; border_radii=&#8221;on|20px|20px|20px|20px&#8221; border_color_all=&#8221;#ae3e97&#8243; global_colors_info=&#8221;{}&#8221;][et_pb_column type=&#8221;4_4&#8243; _builder_version=&#8221;4.16&#8243; _module_preset=&#8221;default&#8221; global_colors_info=&#8221;{}&#8221;][et_pb_text _builder_version=&#8221;4.16&#8243; _module_preset=&#8221;default&#8221; text_font=&#8221;Roboto Condensed||||||||&#8221; text_font_size=&#8221;18px&#8221; ol_font=&#8221;Roboto Condensed||||||||&#8221; ol_font_size=&#8221;18px&#8221; ol_line_height=&#8221;1.3em&#8221; header_4_font=&#8221;Roboto Condensed||||||||&#8221; custom_padding=&#8221;|25px||25px|false|true&#8221; global_colors_info=&#8221;{}&#8221;]<\/p>\n<p style=\"text-align: justify;\">El Mag\u00edster en Dise\u00f1o y Evaluaci\u00f3n de Proyectos Regionales contar\u00e1 con las competencias necesarias para gestionar proyectos competitivos que favorezcan su participaci\u00f3n efectiva en convocatorias p\u00fablicas y privadas, destac\u00e1ndose, de manera espec\u00edfica, por sus capacidades para:<\/p>\n<ul>\n<li style=\"text-align: justify;\">Identificar y priorizar problemas, necesidades y oportunidades de desarrollo de las comunidades y sus organizaciones.<\/li>\n<li style=\"text-align: justify;\">Dise\u00f1ar proyectos que tengan impacto sobre el desarrollo humano sostenible.<\/li>\n<li style=\"text-align: justify;\">Evaluar proyectos de desarrollo regional.<\/li>\n<li style=\"text-align: justify;\">Establecer e implementar estrategias de investigaci\u00f3n, mediante la generaci\u00f3n de redes y procesos que permitan obtener informaci\u00f3n de distintos tipos y de manera continua.<\/li>\n<li style=\"text-align: justify;\">Buscar, procesar y analizar informaci\u00f3n procedente de fuentes diversas.<\/li>\n<li style=\"text-align: justify;\">Utilizar las distintas herramientas estad\u00edsticas para determinar e interpretar \u00edndices, indicadores o cualquier otro par\u00e1metro que permita establecer el estado, comportamiento o tendencia de una variable.<\/li>\n<li style=\"text-align: justify;\">Desarrollar nuevas metodolog\u00edas en el dise\u00f1o de proyectos y su evaluaci\u00f3n.<\/li>\n<li style=\"text-align: justify;\">Estructurar un proyecto de desarrollo regional para administrarlo y controlarlo de manera eficiente.<\/li>\n<li style=\"text-align: justify;\">Elaborar, evaluar y administrar proyectos empresariales en diferentes tipos de organizaciones.<\/li>\n<li style=\"text-align: justify;\">Sustentar y argumentar, de manera oral y escrita, las ideas y los resultados que generan los proyectos.<\/li>\n<li style=\"text-align: justify;\">Impulsar y coordinar el dise\u00f1o de sistemas de informaci\u00f3n para su instituci\u00f3n.<\/li>\n<li style=\"text-align: justify;\">Seleccionar propuestas de intervenci\u00f3n que resuelvan las restricciones de manera productiva, competitiva, equitativa y ambientalmente sustentable.<\/li>\n<li style=\"text-align: justify;\">Liderar proyectos que generen oportunidades de negocios sostenibles, con valor econ\u00f3mico y social.<\/li>\n<li style=\"text-align: justify;\">Formular, dise\u00f1ar, ejecutar y evaluar proyectos sostenibles en los \u00e1mbitos del desarrollo territorial, con tendencia a incrementar sus valores en el \u00e1mbito regional.<\/li>\n<li style=\"text-align: justify;\">Proponer soluciones a problemas de las empresas, entidades y organizaciones bajo una perspectiva regional, mediante la interacci\u00f3n de los seres humanos y los entornos naturales.<\/li>\n<li style=\"text-align: justify;\">Hacer frente a diferentes realidades sociales, culturales, econ\u00f3micas y pol\u00edticas de las regiones, con responsabilidad social y \u00e9tica.<\/li>\n<\/ul>\n<p>[\/et_pb_text][\/et_pb_column][\/et_pb_row][et_pb_row module_id=&#8221;hiddenRequisitosDesktop&#8221; _builder_version=&#8221;4.16&#8243; _module_preset=&#8221;default&#8221; background_color=&#8221;#f0f0f0&#8243; width=&#8221;50%&#8221; custom_css_main_element=&#8221;display: none;&#8221; border_radii=&#8221;on|20px|20px|20px|20px&#8221; border_color_all=&#8221;#ae3e97&#8243; global_colors_info=&#8221;{}&#8221;][et_pb_column type=&#8221;4_4&#8243; _builder_version=&#8221;4.16&#8243; _module_preset=&#8221;default&#8221; global_colors_info=&#8221;{}&#8221;][et_pb_text _builder_version=&#8221;4.16&#8243; _module_preset=&#8221;default&#8221; text_font=&#8221;Roboto Condensed||||||||&#8221; text_font_size=&#8221;18px&#8221; ol_font=&#8221;Roboto Condensed||||||||&#8221; ol_font_size=&#8221;18px&#8221; ol_line_height=&#8221;1.3em&#8221; header_4_font=&#8221;Roboto Condensed||||||||&#8221; custom_padding=&#8221;|25px||25px|false|true&#8221; global_colors_info=&#8221;{}&#8221;]<\/p>\n<ul>\n<li style=\"text-align: justify;\">Profesionales y l\u00edderes de cualquier \u00e1rea del conocimiento, con responsabilidades directivas y\/o ejecutivas actuales o futuras, que quieran profundizar sus conocimientos, habilidades y actitudes necesarias para contribuir al desarrollo de las comunidades, organizaciones sociales y empresariales.<\/li>\n<li style=\"text-align: justify;\">Personas interesadas en aprender o ampliar sus habilidades gerenciales para gestionar satisfactoriamente el ciclo de vida de los proyectos, desde todas las dimensiones de los mismos.<\/li>\n<li style=\"text-align: justify;\">Profesionales cuyo inter\u00e9s sea profundizar y desarrollar competencias en la formulaci\u00f3n y evaluaci\u00f3n de proyectos.<\/li>\n<li style=\"text-align: justify;\">Especialistas en tem\u00e1ticas relacionadas con la gesti\u00f3n p\u00fablica y la gesti\u00f3n de proyectos, cuyo inter\u00e9s sea indagar nuevas perspectivas, enfoques, t\u00e9cnicas y herramientas para el \u00e9xito de la planificaci\u00f3n p\u00fablica y la gesti\u00f3n de proyectos.<\/li>\n<\/ul>\n<p>[\/et_pb_text][\/et_pb_column][\/et_pb_row][et_pb_row module_id=&#8221;hiddenProcesoDesktop&#8221; _builder_version=&#8221;4.16&#8243; _module_preset=&#8221;default&#8221; background_color=&#8221;#f0f0f0&#8243; width=&#8221;50%&#8221; custom_css_main_element=&#8221;display: none;&#8221; border_radii=&#8221;on|20px|20px|20px|20px&#8221; border_color_all=&#8221;#ae3e97&#8243; global_colors_info=&#8221;{}&#8221;][et_pb_column type=&#8221;4_4&#8243; _builder_version=&#8221;4.16&#8243; _module_preset=&#8221;default&#8221; global_colors_info=&#8221;{}&#8221;][et_pb_text _builder_version=&#8221;4.16&#8243; _module_preset=&#8221;default&#8221; text_font=&#8221;Roboto Condensed||||||||&#8221; text_font_size=&#8221;18px&#8221; ol_font=&#8221;Roboto Condensed||||||||&#8221; ol_font_size=&#8221;18px&#8221; ol_line_height=&#8221;1.3em&#8221; header_4_font=&#8221;Roboto Condensed||||||||&#8221; custom_padding=&#8221;|25px||25px|false|true&#8221; global_colors_info=&#8221;{}&#8221;][\/et_pb_text][\/et_pb_column][\/et_pb_row][et_pb_row module_id=&#8221;hiddenMallaDesktop&#8221; _builder_version=&#8221;4.16&#8243; _module_preset=&#8221;default&#8221; background_color=&#8221;#f0f0f0&#8243; width=&#8221;50%&#8221; custom_css_main_element=&#8221;display: none;&#8221; border_radii=&#8221;on|20px|20px|20px|20px&#8221; border_color_all=&#8221;#ae3e97&#8243; locked=&#8221;off&#8221; global_colors_info=&#8221;{}&#8221;][et_pb_column type=&#8221;4_4&#8243; _builder_version=&#8221;4.16&#8243; _module_preset=&#8221;default&#8221; global_colors_info=&#8221;{}&#8221;][et_pb_text _builder_version=&#8221;4.16&#8243; _module_preset=&#8221;default&#8221; text_font=&#8221;Roboto Condensed||||||||&#8221; text_font_size=&#8221;18px&#8221; ol_font=&#8221;Roboto Condensed||||||||&#8221; ol_font_size=&#8221;18px&#8221; ol_line_height=&#8221;1.3em&#8221; header_4_font=&#8221;Roboto Condensed||||||||&#8221; custom_padding=&#8221;|25px||25px|false|true&#8221; global_colors_info=&#8221;{}&#8221;]<\/p>\n<p><span style=\"color: #ae3e97;\"><a href=\"https:\/\/arrobamedellin.edu.co\/wp-content\/uploads\/2021\/12\/Malla-curricular.pdf\" target=\"_blank\" rel=\"noopener noreferrer\" style=\"color: #ae3e97;\">Haz clic aqu\u00ed para ver la malla curricular<\/a><\/span><\/p>\n<p>[\/et_pb_text][\/et_pb_column][\/et_pb_row][\/et_pb_section][et_pb_section fb_built=&#8221;1&#8243; disabled_on=&#8221;off|off|on&#8221; _builder_version=&#8221;4.16&#8243; _module_preset=&#8221;default&#8221; locked=&#8221;off&#8221; global_colors_info=&#8221;{}&#8221;][et_pb_row _builder_version=&#8221;4.16&#8243; _module_preset=&#8221;default&#8221; global_colors_info=&#8221;{}&#8221;][et_pb_column type=&#8221;4_4&#8243; _builder_version=&#8221;4.16&#8243; _module_preset=&#8221;default&#8221; global_colors_info=&#8221;{}&#8221;][et_pb_text _builder_version=&#8221;4.16&#8243; _module_preset=&#8221;default&#8221; text_font=&#8221;Roboto Condensed|700|||||||&#8221; text_text_color=&#8221;#007df6&#8243; text_font_size=&#8221;50px&#8221; header_font=&#8221;Roboto Condensed|700|||||||&#8221; width=&#8221;10%&#8221; module_alignment=&#8221;center&#8221; text_font_size_tablet=&#8221;40px&#8221; text_font_size_phone=&#8221;28px&#8221; text_font_size_last_edited=&#8221;on|phone&#8221; custom_css_main_element=&#8221;padding-bottom: 5px;||border-bottom-style: solid;||border-bottom-width: 3.1px;||width: fit-content;&#8221; global_colors_info=&#8221;{}&#8221;]<\/p>\n<p style=\"text-align: center;\">Especificaciones<\/p>\n<p>[\/et_pb_text][\/et_pb_column][\/et_pb_row][et_pb_row _builder_version=&#8221;4.16&#8243; _module_preset=&#8221;default&#8221; custom_margin=&#8221;-40px||||false|false&#8221; locked=&#8221;off&#8221; collapsed=&#8221;on&#8221; global_colors_info=&#8221;{}&#8221;][et_pb_column type=&#8221;4_4&#8243; _builder_version=&#8221;4.16&#8243; _module_preset=&#8221;default&#8221; global_colors_info=&#8221;{}&#8221;][et_pb_image src=&#8221;https:\/\/arrobamedellin.edu.co\/wp-content\/uploads\/2021\/08\/Botones-@medellin-112.png&#8221; title_text=&#8221;perfil&#8221; align=&#8221;center&#8221; src_last_edited=&#8221;off|desktop&#8221; module_id=&#8221;showContenido1&#8243; _builder_version=&#8221;4.16&#8243; _module_preset=&#8221;default&#8221; width=&#8221;90%&#8221; global_colors_info=&#8221;{}&#8221; src__hover_enabled=&#8221;on|hover&#8221; src__hover=&#8221;https:\/\/arrobamedellin.edu.co\/wp-content\/uploads\/2021\/08\/Botones-@medellin-105.png&#8221;][\/et_pb_image][et_pb_image src=&#8221;https:\/\/arrobamedellin.edu.co\/wp-content\/uploads\/2021\/08\/Botones-@medellin-105.png&#8221; title_text=&#8221;perfil&#8221; align=&#8221;center&#8221; module_id=&#8221;showContenido2&#8243; _builder_version=&#8221;4.16&#8243; _module_preset=&#8221;default&#8221; width=&#8221;90%&#8221; custom_css_main_element=&#8221;display: none;&#8221; global_colors_info=&#8221;{}&#8221; src__hover_enabled=&#8221;off|desktop&#8221; src__hover=&#8221;https:\/\/arrobamedellin.edu.co\/wp-content\/uploads\/2021\/08\/Botones-@medellin-41.png&#8221;][\/et_pb_image][\/et_pb_column][\/et_pb_row][et_pb_row module_id=&#8221;hiddenContenido&#8221; _builder_version=&#8221;4.16&#8243; _module_preset=&#8221;default&#8221; background_color=&#8221;#f0f0f0&#8243; custom_margin=&#8221;||40px||false|false&#8221; custom_css_main_element=&#8221;display: none;&#8221; border_radii=&#8221;on|20px|20px|20px|20px&#8221; border_color_all=&#8221;#ae3e97&#8243; collapsed=&#8221;on&#8221; global_colors_info=&#8221;{}&#8221;][et_pb_column type=&#8221;4_4&#8243; _builder_version=&#8221;4.16&#8243; _module_preset=&#8221;default&#8221; global_colors_info=&#8221;{}&#8221;][et_pb_text _builder_version=&#8221;4.16&#8243; _module_preset=&#8221;default&#8221; text_font=&#8221;Roboto Condensed||||||||&#8221; text_font_size=&#8221;18px&#8221; ol_font=&#8221;Roboto Condensed||||||||&#8221; ol_font_size=&#8221;20px&#8221; ol_line_height=&#8221;1.3em&#8221; header_4_font=&#8221;Roboto Condensed||||||||&#8221; custom_padding=&#8221;|25px||25px|false|true&#8221; global_colors_info=&#8221;{}&#8221;]<\/p>\n<p style=\"text-align: justify;\">El Mag\u00edster en Dise\u00f1o y Evaluaci\u00f3n de Proyectos Regionales contar\u00e1 con las competencias necesarias para gestionar proyectos competitivos que favorezcan su participaci\u00f3n efectiva en convocatorias p\u00fablicas y privadas, destac\u00e1ndose, de manera espec\u00edfica, por sus capacidades para:<\/p>\n<ul>\n<li style=\"text-align: justify;\">Identificar y priorizar problemas, necesidades y oportunidades de desarrollo de las comunidades y sus organizaciones.<\/li>\n<li style=\"text-align: justify;\">Dise\u00f1ar proyectos que tengan impacto sobre el desarrollo humano sostenible.<\/li>\n<li style=\"text-align: justify;\">Evaluar proyectos de desarrollo regional.<\/li>\n<li style=\"text-align: justify;\">Establecer e implementar estrategias de investigaci\u00f3n, mediante la generaci\u00f3n de redes y procesos que permitan obtener informaci\u00f3n de distintos tipos y de manera continua.<\/li>\n<li style=\"text-align: justify;\">Buscar, procesar y analizar informaci\u00f3n procedente de fuentes diversas.<\/li>\n<li style=\"text-align: justify;\">Utilizar las distintas herramientas estad\u00edsticas para determinar e interpretar \u00edndices, indicadores o cualquier otro par\u00e1metro que permita establecer el estado, comportamiento o tendencia de una variable.<\/li>\n<li style=\"text-align: justify;\">Desarrollar nuevas metodolog\u00edas en el dise\u00f1o de proyectos y su evaluaci\u00f3n.<\/li>\n<li style=\"text-align: justify;\">Estructurar un proyecto de desarrollo regional para administrarlo y controlarlo de manera eficiente.<\/li>\n<li style=\"text-align: justify;\">Elaborar, evaluar y administrar proyectos empresariales en diferentes tipos de organizaciones.<\/li>\n<li style=\"text-align: justify;\">Sustentar y argumentar, de manera oral y escrita, las ideas y los resultados que generan los proyectos.<\/li>\n<li style=\"text-align: justify;\">Impulsar y coordinar el dise\u00f1o de sistemas de informaci\u00f3n para su instituci\u00f3n.<\/li>\n<li style=\"text-align: justify;\">Seleccionar propuestas de intervenci\u00f3n que resuelvan las restricciones de manera productiva, competitiva, equitativa y ambientalmente sustentable.<\/li>\n<li style=\"text-align: justify;\">Liderar proyectos que generen oportunidades de negocios sostenibles, con valor econ\u00f3mico y social.<\/li>\n<li style=\"text-align: justify;\">Formular, dise\u00f1ar, ejecutar y evaluar proyectos sostenibles en los \u00e1mbitos del desarrollo territorial, con tendencia a incrementar sus valores en el \u00e1mbito regional.<\/li>\n<li style=\"text-align: justify;\">Proponer soluciones a problemas de las empresas, entidades y organizaciones bajo una perspectiva regional, mediante la interacci\u00f3n de los seres humanos y los entornos naturales.<\/li>\n<li style=\"text-align: justify;\">Hacer frente a diferentes realidades sociales, culturales, econ\u00f3micas y pol\u00edticas de las regiones, con responsabilidad social y \u00e9tica.<\/li>\n<\/ul>\n<p>[\/et_pb_text][\/et_pb_column][\/et_pb_row][et_pb_row _builder_version=&#8221;4.16&#8243; _module_preset=&#8221;default&#8221; custom_margin=&#8221;-40px||||false|false&#8221; locked=&#8221;off&#8221; collapsed=&#8221;on&#8221; global_colors_info=&#8221;{}&#8221;][et_pb_column type=&#8221;4_4&#8243; _builder_version=&#8221;4.16&#8243; _module_preset=&#8221;default&#8221; global_colors_info=&#8221;{}&#8221;][et_pb_image src=&#8221;https:\/\/arrobamedellin.edu.co\/wp-content\/uploads\/2021\/08\/Botones-@medellin-111.png&#8221; title_text=&#8221;dirigido&#8221; align=&#8221;center&#8221; module_id=&#8221;showRequisitos1&#8243; _builder_version=&#8221;4.16&#8243; _module_preset=&#8221;default&#8221; width=&#8221;70%&#8221; global_colors_info=&#8221;{}&#8221; src__hover_enabled=&#8221;on|hover&#8221; src__hover=&#8221;https:\/\/arrobamedellin.edu.co\/wp-content\/uploads\/2021\/08\/Botones-@medellin-106.png&#8221;][\/et_pb_image][et_pb_image src=&#8221;https:\/\/arrobamedellin.edu.co\/wp-content\/uploads\/2021\/08\/Botones-@medellin-106.png&#8221; title_text=&#8221;dirigido&#8221; align=&#8221;center&#8221; module_id=&#8221;showRequisitos2&#8243; _builder_version=&#8221;4.16&#8243; _module_preset=&#8221;default&#8221; width=&#8221;70%&#8221; custom_css_main_element=&#8221;display: none;&#8221; global_colors_info=&#8221;{}&#8221; src__hover_enabled=&#8221;off|desktop&#8221; src__hover=&#8221;https:\/\/arrobamedellin.edu.co\/wp-content\/uploads\/2021\/08\/Botones-@medellin-42.png&#8221;][\/et_pb_image][\/et_pb_column][\/et_pb_row][et_pb_row module_id=&#8221;hiddenRequisitos&#8221; _builder_version=&#8221;4.16&#8243; _module_preset=&#8221;default&#8221; background_color=&#8221;#f0f0f0&#8243; custom_margin=&#8221;||40px||false|false&#8221; custom_css_main_element=&#8221;display: none;&#8221; border_radii=&#8221;on|20px|20px|20px|20px&#8221; border_color_all=&#8221;#ae3e97&#8243; collapsed=&#8221;on&#8221; global_colors_info=&#8221;{}&#8221;][et_pb_column type=&#8221;4_4&#8243; _builder_version=&#8221;4.16&#8243; _module_preset=&#8221;default&#8221; global_colors_info=&#8221;{}&#8221;][et_pb_text _builder_version=&#8221;4.16&#8243; _module_preset=&#8221;default&#8221; text_font=&#8221;Roboto Condensed||||||||&#8221; text_font_size=&#8221;18px&#8221; ol_font=&#8221;Roboto Condensed||||||||&#8221; ol_font_size=&#8221;20px&#8221; ol_line_height=&#8221;1.3em&#8221; header_4_font=&#8221;Roboto Condensed||||||||&#8221; custom_padding=&#8221;|25px||25px|false|true&#8221; global_colors_info=&#8221;{}&#8221;]<\/p>\n<ul>\n<li style=\"text-align: justify;\">Profesionales y l\u00edderes de cualquier \u00e1rea del conocimiento, con responsabilidades directivas y\/o ejecutivas actuales o futuras, que quieran profundizar sus conocimientos, habilidades y actitudes necesarias para contribuir al desarrollo de las comunidades, organizaciones sociales y empresariales.<\/li>\n<li>Personas interesadas en aprender o ampliar sus habilidades gerenciales para gestionar satisfactoriamente el ciclo de vida de los proyectos, desde todas las dimensiones de los mismos.<\/li>\n<li>Profesionales cuyo inter\u00e9s sea profundizar y desarrollar competencias en la formulaci\u00f3n y evaluaci\u00f3n de proyectos.<\/li>\n<li>Especialistas en tem\u00e1ticas relacionadas con la gesti\u00f3n p\u00fablica y la gesti\u00f3n de proyectos, cuyo inter\u00e9s sea indagar nuevas perspectivas, enfoques, t\u00e9cnicas y herramientas para el \u00e9xito de la planificaci\u00f3n p\u00fablica y la gesti\u00f3n de proyectos.<\/li>\n<\/ul>\n<p>[\/et_pb_text][\/et_pb_column][\/et_pb_row][et_pb_row _builder_version=&#8221;4.16&#8243; _module_preset=&#8221;default&#8221; custom_margin=&#8221;-40px||||false|false&#8221; locked=&#8221;off&#8221; collapsed=&#8221;on&#8221; global_colors_info=&#8221;{}&#8221;][et_pb_column type=&#8221;4_4&#8243; _builder_version=&#8221;4.16&#8243; _module_preset=&#8221;default&#8221; global_colors_info=&#8221;{}&#8221;][et_pb_image src=&#8221;https:\/\/arrobamedellin.edu.co\/wp-content\/uploads\/2021\/08\/Botones-@medellin-109.png&#8221; align=&#8221;center&#8221; module_id=&#8221;showMalla1&#8243; _builder_version=&#8221;4.16&#8243; _module_preset=&#8221;default&#8221; global_colors_info=&#8221;{}&#8221; src__hover_enabled=&#8221;on|hover&#8221; src__hover=&#8221;https:\/\/arrobamedellin.edu.co\/wp-content\/uploads\/2021\/08\/Botones-@medellin-108.png&#8221;][\/et_pb_image][et_pb_image src=&#8221;https:\/\/arrobamedellin.edu.co\/wp-content\/uploads\/2021\/08\/Botones-@medellin-108.png&#8221; align=&#8221;center&#8221; module_id=&#8221;showMalla2&#8243; _builder_version=&#8221;4.16&#8243; _module_preset=&#8221;default&#8221; custom_css_main_element=&#8221;display: none;&#8221; global_colors_info=&#8221;{}&#8221;][\/et_pb_image][\/et_pb_column][\/et_pb_row][et_pb_row admin_label=&#8221;Row&#8221; module_id=&#8221;hiddenMalla&#8221; _builder_version=&#8221;4.16&#8243; _module_preset=&#8221;default&#8221; background_color=&#8221;#f0f0f0&#8243; custom_margin=&#8221;||40px||false|false&#8221; custom_css_main_element=&#8221;display: none;&#8221; border_radii=&#8221;on|20px|20px|20px|20px&#8221; border_color_all=&#8221;#ae3e97&#8243; collapsed=&#8221;off&#8221; global_colors_info=&#8221;{}&#8221;][et_pb_column type=&#8221;4_4&#8243; _builder_version=&#8221;4.16&#8243; _module_preset=&#8221;default&#8221; global_colors_info=&#8221;{}&#8221;][et_pb_text _builder_version=&#8221;4.16&#8243; _module_preset=&#8221;default&#8221; text_font=&#8221;Roboto Condensed||||||||&#8221; text_font_size=&#8221;18px&#8221; ol_font=&#8221;Roboto Condensed||||||||&#8221; ol_font_size=&#8221;18px&#8221; ol_line_height=&#8221;1.3em&#8221; header_4_font=&#8221;Roboto Condensed||||||||&#8221; custom_padding=&#8221;|25px||25px|false|true&#8221; locked=&#8221;off&#8221; global_colors_info=&#8221;{}&#8221;]<\/p>\n<p><span style=\"color: #ae3e97;\"><a href=\"https:\/\/arrobamedellin.edu.co\/wp-content\/uploads\/2021\/12\/Malla-curricular.pdf\" target=\"_blank\" rel=\"noopener noreferrer\" style=\"color: #ae3e97;\">Haz clic aqu\u00ed para ver la malla curricular<\/a><\/span><\/p>\n<p>[\/et_pb_text][\/et_pb_column][\/et_pb_row][\/et_pb_section][et_pb_section fb_built=&#8221;1&#8243; _builder_version=&#8221;4.14.1&#8243; _module_preset=&#8221;default&#8221; background_color=&#8221;#f2f2f2&#8243; background_enable_color=&#8221;off&#8221; custom_padding=&#8221;||2px|||&#8221; global_module=&#8221;1008&#8243; saved_tabs=&#8221;all&#8221; locked=&#8221;off&#8221; collapsed=&#8221;on&#8221; global_colors_info=&#8221;{}&#8221;][et_pb_row _builder_version=&#8221;4.16&#8243; _module_preset=&#8221;default&#8221; global_colors_info=&#8221;{}&#8221;][et_pb_column type=&#8221;4_4&#8243; _builder_version=&#8221;4.16&#8243; _module_preset=&#8221;default&#8221; global_colors_info=&#8221;{}&#8221;][et_pb_text _builder_version=&#8221;4.18.0&#8243; _module_preset=&#8221;default&#8221; text_font=&#8221;Roboto Condensed||||||||&#8221; text_text_color=&#8221;#007df4&#8243; text_font_size=&#8221;30px&#8221; header_font=&#8221;|800|||||||&#8221; header_text_align=&#8221;center&#8221; header_text_color=&#8221;#0C71C3&#8243; header_font_size=&#8221;55px&#8221; text_orientation=&#8221;center&#8221; width=&#8221;90%&#8221; module_alignment=&#8221;center&#8221; link_option_url=&#8221;https:\/\/arrobamedellin.edu.co\/index.php\/inicio\/red-de-instituciones\/&#8221; header_font_size_tablet=&#8221;&#8221; header_font_size_phone=&#8221;25px&#8221; header_font_size_last_edited=&#8221;on|phone&#8221; custom_css_main_element=&#8221;padding-bottom: 5px;||border-bottom-style: solid;||border-bottom-width: 3.1px;||width: fit-content;&#8221; global_colors_info=&#8221;{}&#8221;]<\/p>\n<p style=\"text-align: center;\"><strong>Aliados Estrat\u00e9gicos<\/strong><\/p>\n<p>[\/et_pb_text][\/et_pb_column][\/et_pb_row][et_pb_row _builder_version=&#8221;4.16&#8243; _module_preset=&#8221;default&#8221; width=&#8221;70%&#8221; custom_padding=&#8221;||50px||false|false&#8221; global_colors_info=&#8221;{}&#8221;][et_pb_column type=&#8221;4_4&#8243; _builder_version=&#8221;4.16&#8243; _module_preset=&#8221;default&#8221; global_colors_info=&#8221;{}&#8221;][wdcl_logo_carousel slide_count=&#8221;4&#8243; logo_height=&#8221;150px&#8221; logo_width=&#8221;150px&#8221; slide_count_tablet=&#8221;&#8221; slide_count_phone=&#8221;3&#8243; slide_count_last_edited=&#8221;on|phone&#8221; admin_label=&#8221;Wow Logo Carousel&#8221; _builder_version=&#8221;4.27.5&#8243; _module_preset=&#8221;default&#8221; animation_style=&#8221;zoom&#8221; global_colors_info=&#8221;{}&#8221;][wdcl_logo_carousel_child logo=&#8221;https:\/\/arrobamedellin.edu.co\/wp-content\/uploads\/2021\/08\/Botones-@medellin-122.png&#8221; _builder_version=&#8221;4.27.4&#8243; _module_preset=&#8221;default&#8221; link_option_url=&#8221;https:\/\/arrobamedellin.edu.co\/index.php\/inicio\/red-de-instituciones\/itm\/&#8221; global_colors_info=&#8221;{}&#8221;][\/wdcl_logo_carousel_child][wdcl_logo_carousel_child logo=&#8221;https:\/\/arrobamedellin.edu.co\/wp-content\/uploads\/2021\/08\/Botones-@medellin-124.png&#8221; _builder_version=&#8221;4.27.4&#8243; _module_preset=&#8221;default&#8221; link_option_url=&#8221;https:\/\/arrobamedellin.edu.co\/index.php\/inicio\/red-de-instituciones\/colegio-mayor\/&#8221; global_colors_info=&#8221;{}&#8221;][\/wdcl_logo_carousel_child][wdcl_logo_carousel_child logo=&#8221;https:\/\/arrobamedellin.edu.co\/wp-content\/uploads\/2021\/08\/Botones-@medellin-123.png&#8221; _builder_version=&#8221;4.27.5&#8243; _module_preset=&#8221;default&#8221; global_colors_info=&#8221;{}&#8221;][\/wdcl_logo_carousel_child][\/wdcl_logo_carousel][\/et_pb_column][\/et_pb_row][\/et_pb_section]<\/p>\n","protected":false},"excerpt":{"rendered":"<p>Programas acad\u00e9micos &gt; Posgrados &gt; Maestr\u00eda en Estudios de Ciencia, Tecnolog\u00eda, Sociedad e Innovaci\u00f3n Pr\u00f3ximamente 4 Periodos Acad\u00e9micos Virtual y con costo I.U. ITM Cr\u00e9ditos: 60 C\u00f3digo SNIES: 107423 Para mayor informaci\u00f3n ingresa a\u00a0www.itm.edu.co Descripci\u00f3nEl programa busca formar un mag\u00edster en Estudios de Ciencia, Tecnolog\u00eda, Sociedad e Innovaci\u00f3n que, desde perspectivas cr\u00edticas y anal\u00edticas, contribuya [&hellip;]<\/p>\n","protected":false},"author":1,"featured_media":0,"parent":399,"menu_order":0,"comment_status":"closed","ping_status":"closed","template":"","meta":{"_et_pb_use_builder":"on","_et_pb_old_content":"","_et_gb_content_width":"","footnotes":""},"class_list":["post-1811","page","type-page","status-publish","hentry"],"_links":{"self":[{"href":"https:\/\/arrobamedellin.edu.co\/index.php\/wp-json\/wp\/v2\/pages\/1811","targetHints":{"allow":["GET"]}}],"collection":[{"href":"https:\/\/arrobamedellin.edu.co\/index.php\/wp-json\/wp\/v2\/pages"}],"about":[{"href":"https:\/\/arrobamedellin.edu.co\/index.php\/wp-json\/wp\/v2\/types\/page"}],"author":[{"embeddable":true,"href":"https:\/\/arrobamedellin.edu.co\/index.php\/wp-json\/wp\/v2\/users\/1"}],"replies":[{"embeddable":true,"href":"https:\/\/arrobamedellin.edu.co\/index.php\/wp-json\/wp\/v2\/comments?post=1811"}],"version-history":[{"count":33,"href":"https:\/\/arrobamedellin.edu.co\/index.php\/wp-json\/wp\/v2\/pages\/1811\/revisions"}],"predecessor-version":[{"id":14405,"href":"https:\/\/arrobamedellin.edu.co\/index.php\/wp-json\/wp\/v2\/pages\/1811\/revisions\/14405"}],"up":[{"embeddable":true,"href":"https:\/\/arrobamedellin.edu.co\/index.php\/wp-json\/wp\/v2\/pages\/399"}],"wp:attachment":[{"href":"https:\/\/arrobamedellin.edu.co\/index.php\/wp-json\/wp\/v2\/media?parent=1811"}],"curies":[{"name":"wp","href":"https:\/\/api.w.org\/{rel}","templated":true}]}}