{"id":1724,"date":"2021-03-20T00:47:21","date_gmt":"2021-03-20T05:47:21","guid":{"rendered":"http:\/\/arrobamedellin.edu.co\/?page_id=1724"},"modified":"2023-10-09T12:13:10","modified_gmt":"2023-10-09T17:13:10","slug":"tecnologia-en-gestion-ambiental","status":"publish","type":"page","link":"https:\/\/arrobamedellin.edu.co\/index.php\/programas-academicos\/educacion-superior\/tecnologia-en-gestion-ambiental\/","title":{"rendered":"Tecnolog\u00eda en Gesti\u00f3n Ambiental"},"content":{"rendered":"<p>[et_pb_section fb_built=&#8221;1&#8243; fullwidth=&#8221;on&#8221; _builder_version=&#8221;4.16&#8243; _module_preset=&#8221;default&#8221; global_colors_info=&#8221;{}&#8221;][et_pb_fullwidth_image src=&#8221;https:\/\/arrobamedellin.edu.co\/wp-content\/uploads\/2021\/07\/Mesa-de-trabajo-4.png&#8221; title_text=&#8221;Mesa de trabajo 4&#8243; _builder_version=&#8221;4.16&#8243; _module_preset=&#8221;default&#8221; global_colors_info=&#8221;{}&#8221;][\/et_pb_fullwidth_image][\/et_pb_section][et_pb_section fb_built=&#8221;1&#8243; _builder_version=&#8221;4.16&#8243; _module_preset=&#8221;default&#8221; background_enable_color=&#8221;off&#8221; custom_margin=&#8221;||||false|false&#8221; custom_padding=&#8221;0px||0px||false|false&#8221; locked=&#8221;off&#8221; global_colors_info=&#8221;{}&#8221;][et_pb_row _builder_version=&#8221;4.16&#8243; _module_preset=&#8221;default&#8221; global_colors_info=&#8221;{}&#8221;][et_pb_column type=&#8221;4_4&#8243; _builder_version=&#8221;4.16&#8243; _module_preset=&#8221;default&#8221; global_colors_info=&#8221;{}&#8221;][et_pb_text _builder_version=&#8221;4.16&#8243; _module_preset=&#8221;default&#8221; text_font=&#8221;Roboto Condensed|700|||||||&#8221; text_font_size=&#8221;18px&#8221; text_orientation=&#8221;center&#8221; custom_margin=&#8221;15px||||false|false&#8221; global_colors_info=&#8221;{}&#8221;]<\/p>\n<p><a href=\"https:\/\/arrobamedellin.edu.co\/index.php\/programas-academicos\" style=\"color: #666;\">Programas acad\u00e9micos<\/a> &gt; <a href=\"https:\/\/arrobamedellin.edu.co\/index.php\/programas-academicos\/pregrados\/\" style=\"color: #666;\">Pregrados<\/a> &gt;\u00a0<span style=\"color: #ac3e95;\">T\u00e9cnolog\u00eda en Gesti\u00f3n Ambiental<\/span><\/p>\n<p>[\/et_pb_text][\/et_pb_column][\/et_pb_row][et_pb_row column_structure=&#8221;2_5,3_5&#8243; use_custom_gutter=&#8221;on&#8221; gutter_width=&#8221;2&#8243; _builder_version=&#8221;4.16&#8243; _module_preset=&#8221;default&#8221; width=&#8221;65%&#8221; width_tablet=&#8221;&#8221; width_phone=&#8221;100%&#8221; width_last_edited=&#8221;on|phone&#8221; global_colors_info=&#8221;{}&#8221;][et_pb_column type=&#8221;2_5&#8243; _builder_version=&#8221;4.16&#8243; _module_preset=&#8221;default&#8221; global_colors_info=&#8221;{}&#8221;][et_pb_image src=&#8221;https:\/\/arrobamedellin.edu.co\/wp-content\/uploads\/2021\/09\/3.png&#8221; title_text=&#8221;@medell\u00edn_mar18-04&#8243; align=&#8221;center&#8221; _builder_version=&#8221;4.16&#8243; _module_preset=&#8221;default&#8221; width_tablet=&#8221;&#8221; width_phone=&#8221;80%&#8221; width_last_edited=&#8221;on|phone&#8221; global_colors_info=&#8221;{}&#8221;][\/et_pb_image][et_pb_text _builder_version=&#8221;4.22.2&#8243; _module_preset=&#8221;default&#8221; text_font=&#8221;Roboto Condensed||||||||&#8221; text_font_size=&#8221;18px&#8221; background_color=&#8221;#f0f0f0&#8243; custom_margin=&#8221;||||false|false&#8221; custom_margin_tablet=&#8221;&#8221; custom_margin_phone=&#8221;|30px||30px|false|true&#8221; custom_margin_last_edited=&#8221;on|phone&#8221; custom_padding=&#8221;10px|10px|10px|10px|true|true&#8221; hover_enabled=&#8221;0&#8243; border_radii=&#8221;on|10px|10px|10px|10px&#8221; locked=&#8221;off&#8221; global_colors_info=&#8221;{}&#8221; sticky_enabled=&#8221;0&#8243;]<img decoding=\"async\" src=\"https:\/\/arrobamedellin.edu.co\/wp-content\/uploads\/2021\/08\/Botones-@medellin-113.png\" width=\"40px\" \/> Pr\u00f3ximamente<\/p>\n<p style=\"margin-top: -30px;\"><img decoding=\"async\" src=\"https:\/\/arrobamedellin.edu.co\/wp-content\/uploads\/2021\/08\/Botones-@medellin-114.png\" width=\"40px\" \/> 6 Semestres<\/p>\n<p style=\"margin-top: -30px;\"><img decoding=\"async\" src=\"https:\/\/arrobamedellin.edu.co\/wp-content\/uploads\/2021\/08\/Botones-@medellin-115-2.png\" width=\"40px\" \/> Virtual y con costo<\/p>\n<p style=\"margin-top: -30px;\"><img decoding=\"async\" src=\"https:\/\/arrobamedellin.edu.co\/wp-content\/uploads\/2021\/08\/Botones-@medellin-116-1.png\" width=\"40px\" \/> I.U. Colegio Mayor de Antioquia<\/p>\n<p style=\"margin-top: -30px;\"><img decoding=\"async\" src=\"https:\/\/arrobamedellin.edu.co\/wp-content\/uploads\/2021\/08\/Botones-@medellin-117-1.png\" width=\"40px\" \/> Cr\u00e9ditos<\/p>\n<p style=\"margin-top: -30px;\"><img decoding=\"async\" src=\"https:\/\/arrobamedellin.edu.co\/wp-content\/uploads\/2021\/08\/Botones-@medellin-118.png\" width=\"40px\" \/> C\u00f3digo SNIES: <span>106102<\/span><\/p>\n<h6><span style=\"color: #808080;\"><span style=\"color: #333333;\">Para mayor informaci\u00f3n ingresa a<\/span>\u00a0<\/span><span style=\"text-decoration: underline; color: #3366ff;\"><a href=\"https:\/\/www.colegiomayor.edu.co\/\" target=\"_blank\" rel=\"noopener\" style=\"color: #3366ff; text-decoration: underline;\">www.colegiomayor.edu.co<\/a><\/span><\/h6>\n<p>[\/et_pb_text][\/et_pb_column][et_pb_column type=&#8221;3_5&#8243; _builder_version=&#8221;4.16&#8243; _module_preset=&#8221;default&#8221; global_colors_info=&#8221;{}&#8221;][et_pb_text _builder_version=&#8221;4.16&#8243; _module_preset=&#8221;default&#8221; text_font=&#8221;Roboto Condensed|700|||||||&#8221; text_text_color=&#8221;#007df6&#8243; text_font_size=&#8221;30px&#8221; header_font=&#8221;Roboto Condensed|700|||||||&#8221; width_tablet=&#8221;40%&#8221; width_phone=&#8221;45%&#8221; width_last_edited=&#8221;on|phone&#8221; module_alignment=&#8221;left&#8221; custom_margin=&#8221;20px||||false|false&#8221; custom_margin_tablet=&#8221;|20px||20px|false|false&#8221; custom_margin_phone=&#8221;&#8221; custom_margin_last_edited=&#8221;on|phone&#8221; text_font_size_tablet=&#8221;40px&#8221; text_font_size_phone=&#8221;28px&#8221; text_font_size_last_edited=&#8221;on|tablet&#8221; text_orientation_tablet=&#8221;center&#8221; text_orientation_phone=&#8221;center&#8221; text_orientation_last_edited=&#8221;on|phone&#8221; module_alignment_tablet=&#8221;center&#8221; module_alignment_phone=&#8221;center&#8221; module_alignment_last_edited=&#8221;on|phone&#8221; custom_css_main_element=&#8221;padding-bottom: 5px;||border-bottom-style: solid;||border-bottom-width: 3.1px;||width: fit-content;&#8221; global_colors_info=&#8221;{}&#8221;]<\/p>\n<p>Descripci\u00f3n<\/p>\n<p>[\/et_pb_text][et_pb_text _builder_version=&#8221;4.16&#8243; _module_preset=&#8221;default&#8221; text_font=&#8221;Roboto Condensed||||||||&#8221; text_text_color=&#8221;#6d6e70&#8243; text_font_size=&#8221;22px&#8221; custom_margin=&#8221;||||false|false&#8221; custom_margin_tablet=&#8221;|40px||40px|false|true&#8221; custom_margin_phone=&#8221;|40px||40px|false|true&#8221; custom_margin_last_edited=&#8221;on|phone&#8221; custom_padding=&#8221;20px||||false|false&#8221; global_colors_info=&#8221;{}&#8221;]<\/p>\n<p style=\"text-align: justify;\">Formar Tecn\u00f3logos en Gesti\u00f3n Ambiental para operativizar, ejecutar y aplicar estrategias, planes y programas tendientes a la soluci\u00f3n de problem\u00e1ticas ambientales, fomentando el aprovechamiento y uso sostenible de los recursos naturales.<\/p>\n<ul style=\"text-align: justify;\">\n<li>Orientar procesos de gesti\u00f3n ambiental que permitan la reducci\u00f3n de impactos en actividades del sector productivo, industrial, dom\u00e9stico, entre otros, en entidades territoriales, municipios y organizaciones empresariales.<\/li>\n<li>Asegurar el desarrollo de planes y programas que promuevan la conservaci\u00f3n y uso razonable, responsable y sostenible de los recursos naturales.<\/li>\n<li>Apoyar acciones tendientes a la planeaci\u00f3n de territorios y la protecci\u00f3n de los ecosistemas en el marco de la sostenibilidad y la productividad.<\/li>\n<\/ul>\n<p style=\"text-align: justify;\">[\/et_pb_text][\/et_pb_column][\/et_pb_row][\/et_pb_section][et_pb_section fb_built=&#8221;1&#8243; disabled_on=&#8221;on|on|off&#8221; _builder_version=&#8221;4.16&#8243; _module_preset=&#8221;default&#8221; locked=&#8221;off&#8221; global_colors_info=&#8221;{}&#8221;][et_pb_row _builder_version=&#8221;4.16&#8243; _module_preset=&#8221;default&#8221; global_colors_info=&#8221;{}&#8221;][et_pb_column type=&#8221;4_4&#8243; _builder_version=&#8221;4.16&#8243; _module_preset=&#8221;default&#8221; global_colors_info=&#8221;{}&#8221;][et_pb_text _builder_version=&#8221;4.16&#8243; _module_preset=&#8221;default&#8221; text_font=&#8221;Roboto Condensed|700|||||||&#8221; text_text_color=&#8221;#007df6&#8243; text_font_size=&#8221;30px&#8221; header_font=&#8221;Roboto Condensed|700|||||||&#8221; width=&#8221;10%&#8221; module_alignment=&#8221;center&#8221; text_font_size_tablet=&#8221;50px&#8221; text_font_size_phone=&#8221;45px&#8221; text_font_size_last_edited=&#8221;on|phone&#8221; custom_css_main_element=&#8221;padding-bottom: 5px;||border-bottom-style: solid;||border-bottom-width: 3.1px;||width: fit-content;&#8221; global_colors_info=&#8221;{}&#8221;]<\/p>\n<p style=\"text-align: center;\">Especificaciones<\/p>\n<p>[\/et_pb_text][\/et_pb_column][\/et_pb_row][et_pb_row use_custom_gutter=&#8221;on&#8221; gutter_width=&#8221;1&#8243; _builder_version=&#8221;4.16&#8243; _module_preset=&#8221;default&#8221; width=&#8221;50%&#8221; custom_margin=&#8221;||||false|false&#8221; custom_padding=&#8221;||||false|false&#8221; locked=&#8221;off&#8221; global_colors_info=&#8221;{}&#8221;][et_pb_column type=&#8221;4_4&#8243; _builder_version=&#8221;4.16&#8243; _module_preset=&#8221;default&#8221; global_colors_info=&#8221;{}&#8221;][et_pb_image src=&#8221;https:\/\/arrobamedellin.edu.co\/wp-content\/uploads\/2021\/08\/Botones-@medellin-112.png&#8221; align=&#8221;center&#8221; module_id=&#8221;showContenidoDesktop1&#8243; _builder_version=&#8221;4.16&#8243; _module_preset=&#8221;default&#8221; width=&#8221;100%&#8221; custom_margin=&#8221;||||false|false&#8221; custom_padding=&#8221;||||false|false&#8221; custom_css_main_element=&#8221;display: none;&#8221; global_colors_info=&#8221;{}&#8221; src__hover_enabled=&#8221;on|hover&#8221; src__hover=&#8221;https:\/\/arrobamedellin.edu.co\/wp-content\/uploads\/2021\/08\/Botones-@medellin-105.png&#8221;][\/et_pb_image][et_pb_image src=&#8221;https:\/\/arrobamedellin.edu.co\/wp-content\/uploads\/2021\/08\/Botones-@medellin-105.png&#8221; align=&#8221;center&#8221; module_id=&#8221;showContenidoDesktop2&#8243; _builder_version=&#8221;4.16&#8243; _module_preset=&#8221;default&#8221; width=&#8221;100%&#8221; global_colors_info=&#8221;{}&#8221; src__hover_enabled=&#8221;off|desktop&#8221; src__hover=&#8221;https:\/\/arrobamedellin.edu.co\/wp-content\/uploads\/2021\/08\/Botones-@medellin-41.png&#8221;][\/et_pb_image][\/et_pb_column][\/et_pb_row][et_pb_row module_id=&#8221;hiddenContenidoDesktop&#8221; _builder_version=&#8221;4.16&#8243; _module_preset=&#8221;default&#8221; background_color=&#8221;#f0f0f0&#8243; width=&#8221;50%&#8221; border_radii=&#8221;on|20px|20px|20px|20px&#8221; border_color_all=&#8221;#ae3e97&#8243; global_colors_info=&#8221;{}&#8221;][et_pb_column type=&#8221;4_4&#8243; _builder_version=&#8221;4.16&#8243; _module_preset=&#8221;default&#8221; global_colors_info=&#8221;{}&#8221;][et_pb_text _builder_version=&#8221;4.16&#8243; _module_preset=&#8221;default&#8221; text_font=&#8221;Roboto Condensed||||||||&#8221; text_font_size=&#8221;18px&#8221; ol_font=&#8221;Roboto Condensed||||||||&#8221; ol_font_size=&#8221;18px&#8221; ol_line_height=&#8221;1.3em&#8221; header_4_font=&#8221;Roboto Condensed||||||||&#8221; custom_padding=&#8221;|25px||25px|false|true&#8221; global_colors_info=&#8221;{}&#8221;]<\/p>\n<ul>\n<li style=\"text-align: justify;\">Auxiliar de apoyo en las unidades de gesti\u00f3n ambiental municipal (UGAM).<\/li>\n<li style=\"text-align: justify;\">Auxiliar de apoyo en las secretarias de medio ambiente y desarrollo rural y dependencias municipales que demanden el desarrollo de planes y programas de gesti\u00f3n ambiental.<\/li>\n<li style=\"text-align: justify;\">Asesor en comunidades rurales, juntas de acci\u00f3n comunal, asociaciones productoras, entre otras organizaciones de mediana complejidad.<\/li>\n<li style=\"text-align: justify;\">Auxiliar de investigaci\u00f3n ambiental (trabajo en campo y laboratorio).<\/li>\n<li style=\"text-align: justify;\">Gestor ambiental empresarial.<\/li>\n<li style=\"text-align: justify;\">Auxiliar de apoyo en la gesti\u00f3n, administraci\u00f3n y direcci\u00f3n de empresas prestadoras de servicios p\u00fablicos de mediana complejidad.<\/li>\n<li style=\"text-align: justify;\">Auxiliar de apoyo en el desarrollo de planes y programas de gesti\u00f3n ambiental en corporaciones aut\u00f3nomas regionales.<\/li>\n<li style=\"text-align: justify;\">Auxiliar de apoyo en entidades p\u00fablicas encargadas del dise\u00f1o de los planes de ordenamiento territorial.<\/li>\n<li style=\"text-align: justify;\">Gestor de procesos de gesti\u00f3n ambiental empresarial y seguridad en el trabajo (salud ocupacional).<\/li>\n<li style=\"text-align: justify;\">Profesional de apoyo en la caracterizaci\u00f3n de microcuencas para el desarrollo de planes de ordenamiento de cuencas hidrogr\u00e1ficas.<\/li>\n<\/ul>\n<p>[\/et_pb_text][\/et_pb_column][\/et_pb_row][\/et_pb_section][et_pb_section fb_built=&#8221;1&#8243; disabled_on=&#8221;off|off|on&#8221; _builder_version=&#8221;4.16&#8243; _module_preset=&#8221;default&#8221; locked=&#8221;off&#8221; global_colors_info=&#8221;{}&#8221;][et_pb_row _builder_version=&#8221;4.16&#8243; _module_preset=&#8221;default&#8221; global_colors_info=&#8221;{}&#8221;][et_pb_column type=&#8221;4_4&#8243; _builder_version=&#8221;4.16&#8243; _module_preset=&#8221;default&#8221; global_colors_info=&#8221;{}&#8221;][et_pb_text _builder_version=&#8221;4.16&#8243; _module_preset=&#8221;default&#8221; text_font=&#8221;Roboto Condensed|700|||||||&#8221; text_text_color=&#8221;#007df6&#8243; text_font_size=&#8221;50px&#8221; header_font=&#8221;Roboto Condensed|700|||||||&#8221; width=&#8221;10%&#8221; module_alignment=&#8221;center&#8221; text_font_size_tablet=&#8221;40px&#8221; text_font_size_phone=&#8221;28px&#8221; text_font_size_last_edited=&#8221;on|phone&#8221; custom_css_main_element=&#8221;padding-bottom: 5px;||border-bottom-style: solid;||border-bottom-width: 3.1px;||width: fit-content;&#8221; global_colors_info=&#8221;{}&#8221;]<\/p>\n<p style=\"text-align: center;\">Especificaciones<\/p>\n<p>[\/et_pb_text][\/et_pb_column][\/et_pb_row][et_pb_row _builder_version=&#8221;4.16&#8243; _module_preset=&#8221;default&#8221; locked=&#8221;off&#8221; global_colors_info=&#8221;{}&#8221;][et_pb_column type=&#8221;4_4&#8243; _builder_version=&#8221;4.16&#8243; _module_preset=&#8221;default&#8221; global_colors_info=&#8221;{}&#8221;][et_pb_image src=&#8221;https:\/\/arrobamedellin.edu.co\/wp-content\/uploads\/2021\/08\/Botones-@medellin-105.png&#8221; title_text=&#8221;perfil&#8221; align=&#8221;center&#8221; src_last_edited=&#8221;off|desktop&#8221; module_id=&#8221;showContenido1&#8243; _builder_version=&#8221;4.16&#8243; _module_preset=&#8221;default&#8221; width=&#8221;90%&#8221; global_colors_info=&#8221;{}&#8221; src__hover_enabled=&#8221;on|hover&#8221; src__hover=&#8221;https:\/\/arrobamedellin.edu.co\/wp-content\/uploads\/2021\/08\/Botones-@medellin-105.png&#8221;][\/et_pb_image][et_pb_image src=&#8221;https:\/\/arrobamedellin.edu.co\/wp-content\/uploads\/2021\/08\/Botones-@medellin-105.png&#8221; title_text=&#8221;perfil&#8221; align=&#8221;center&#8221; module_id=&#8221;showContenido2&#8243; _builder_version=&#8221;4.16&#8243; _module_preset=&#8221;default&#8221; width=&#8221;90%&#8221; custom_css_main_element=&#8221;display: none;&#8221; global_colors_info=&#8221;{}&#8221; src__hover_enabled=&#8221;off|desktop&#8221; src__hover=&#8221;https:\/\/arrobamedellin.edu.co\/wp-content\/uploads\/2021\/08\/Botones-@medellin-41.png&#8221;][\/et_pb_image][\/et_pb_column][\/et_pb_row][et_pb_row module_id=&#8221;hiddenContenido&#8221; _builder_version=&#8221;4.16&#8243; _module_preset=&#8221;default&#8221; background_color=&#8221;#f0f0f0&#8243; border_radii=&#8221;on|20px|20px|20px|20px&#8221; border_color_all=&#8221;#ae3e97&#8243; global_colors_info=&#8221;{}&#8221;][et_pb_column type=&#8221;4_4&#8243; _builder_version=&#8221;4.16&#8243; _module_preset=&#8221;default&#8221; global_colors_info=&#8221;{}&#8221;][et_pb_text _builder_version=&#8221;4.16&#8243; _module_preset=&#8221;default&#8221; text_font=&#8221;Roboto Condensed||||||||&#8221; text_font_size=&#8221;18px&#8221; ol_font=&#8221;Roboto Condensed||||||||&#8221; ol_font_size=&#8221;20px&#8221; ol_line_height=&#8221;1.3em&#8221; header_4_font=&#8221;Roboto Condensed||||||||&#8221; custom_padding=&#8221;|25px||25px|false|true&#8221; global_colors_info=&#8221;{}&#8221;]<\/p>\n<ul>\n<li style=\"text-align: justify;\">Auxiliar de apoyo en las unidades de gesti\u00f3n ambiental municipal (UGAM).<\/li>\n<li style=\"text-align: justify;\">Auxiliar de apoyo en las secretarias de medio ambiente y desarrollo rural y dependencias municipales que demanden el desarrollo de planes y programas de gesti\u00f3n ambiental.<\/li>\n<li style=\"text-align: justify;\">Asesor en comunidades rurales, juntas de acci\u00f3n comunal, asociaciones productoras, entre otras organizaciones de mediana complejidad.<\/li>\n<li style=\"text-align: justify;\">Auxiliar de investigaci\u00f3n ambiental (trabajo en campo y laboratorio).<\/li>\n<li style=\"text-align: justify;\">Gestor ambiental empresarial.<\/li>\n<li style=\"text-align: justify;\">Auxiliar de apoyo en la gesti\u00f3n, administraci\u00f3n y direcci\u00f3n de empresas prestadoras de servicios p\u00fablicos de mediana complejidad.<\/li>\n<li style=\"text-align: justify;\">Auxiliar de apoyo en el desarrollo de planes y programas de gesti\u00f3n ambiental en corporaciones aut\u00f3nomas regionales.<\/li>\n<li style=\"text-align: justify;\">Auxiliar de apoyo en entidades p\u00fablicas encargadas del dise\u00f1o de los planes de ordenamiento territorial.<\/li>\n<li style=\"text-align: justify;\">Gestor de procesos de gesti\u00f3n ambiental empresarial y seguridad en el trabajo (salud ocupacional).<\/li>\n<li style=\"text-align: justify;\">Profesional de apoyo en la caracterizaci\u00f3n de microcuencas para el desarrollo de planes de ordenamiento de cuencas hidrogr\u00e1ficas.<\/li>\n<\/ul>\n<p>[\/et_pb_text][\/et_pb_column][\/et_pb_row][\/et_pb_section][et_pb_section fb_built=&#8221;1&#8243; _builder_version=&#8221;4.14.1&#8243; _module_preset=&#8221;default&#8221; background_color=&#8221;#f2f2f2&#8243; background_enable_color=&#8221;off&#8221; custom_padding=&#8221;||2px|||&#8221; global_module=&#8221;1008&#8243; saved_tabs=&#8221;all&#8221; locked=&#8221;off&#8221; collapsed=&#8221;on&#8221; global_colors_info=&#8221;{}&#8221;][et_pb_row _builder_version=&#8221;4.16&#8243; _module_preset=&#8221;default&#8221; global_colors_info=&#8221;{}&#8221;][et_pb_column type=&#8221;4_4&#8243; _builder_version=&#8221;4.16&#8243; _module_preset=&#8221;default&#8221; global_colors_info=&#8221;{}&#8221;][et_pb_text _builder_version=&#8221;4.18.0&#8243; _module_preset=&#8221;default&#8221; text_font=&#8221;Roboto Condensed||||||||&#8221; text_text_color=&#8221;#007df4&#8243; text_font_size=&#8221;30px&#8221; header_font=&#8221;|800|||||||&#8221; header_text_align=&#8221;center&#8221; header_text_color=&#8221;#0C71C3&#8243; header_font_size=&#8221;55px&#8221; text_orientation=&#8221;center&#8221; width=&#8221;90%&#8221; module_alignment=&#8221;center&#8221; link_option_url=&#8221;https:\/\/arrobamedellin.edu.co\/index.php\/inicio\/red-de-instituciones\/&#8221; header_font_size_tablet=&#8221;&#8221; header_font_size_phone=&#8221;25px&#8221; header_font_size_last_edited=&#8221;on|phone&#8221; custom_css_main_element=&#8221;padding-bottom: 5px;||border-bottom-style: solid;||border-bottom-width: 3.1px;||width: fit-content;&#8221; global_colors_info=&#8221;{}&#8221;]<\/p>\n<p style=\"text-align: center;\"><strong>Aliados Estrat\u00e9gicos<\/strong><\/p>\n<p>[\/et_pb_text][\/et_pb_column][\/et_pb_row][et_pb_row _builder_version=&#8221;4.16&#8243; _module_preset=&#8221;default&#8221; width=&#8221;70%&#8221; custom_padding=&#8221;||50px||false|false&#8221; global_colors_info=&#8221;{}&#8221;][et_pb_column type=&#8221;4_4&#8243; _builder_version=&#8221;4.16&#8243; _module_preset=&#8221;default&#8221; global_colors_info=&#8221;{}&#8221;][wdcl_logo_carousel slide_count=&#8221;4&#8243; logo_height=&#8221;150px&#8221; logo_width=&#8221;150px&#8221; slide_count_tablet=&#8221;&#8221; slide_count_phone=&#8221;3&#8243; slide_count_last_edited=&#8221;on|phone&#8221; admin_label=&#8221;Wow Logo Carousel&#8221; _builder_version=&#8221;4.20.2&#8243; _module_preset=&#8221;default&#8221; animation_style=&#8221;zoom&#8221; global_colors_info=&#8221;{}&#8221;][wdcl_logo_carousel_child logo=&#8221;https:\/\/arrobamedellin.edu.co\/wp-content\/uploads\/2021\/08\/Botones-@medellin-123.png&#8221; _builder_version=&#8221;4.20.2&#8243; _module_preset=&#8221;default&#8221; link_option_url=&#8221;https:\/\/arrobamedellin.edu.co\/index.php\/inicio\/red-de-instituciones\/pascual-bravo\/&#8221; global_colors_info=&#8221;{}&#8221;][\/wdcl_logo_carousel_child][wdcl_logo_carousel_child logo=&#8221;https:\/\/arrobamedellin.edu.co\/wp-content\/uploads\/2021\/08\/Botones-@medellin-122.png&#8221; _builder_version=&#8221;4.20.2&#8243; _module_preset=&#8221;default&#8221; link_option_url=&#8221;https:\/\/arrobamedellin.edu.co\/index.php\/inicio\/red-de-instituciones\/itm\/&#8221; global_colors_info=&#8221;{}&#8221;][\/wdcl_logo_carousel_child][wdcl_logo_carousel_child logo=&#8221;https:\/\/arrobamedellin.edu.co\/wp-content\/uploads\/2021\/08\/Botones-@medellin-124.png&#8221; _builder_version=&#8221;4.20.2&#8243; _module_preset=&#8221;default&#8221; link_option_url=&#8221;https:\/\/arrobamedellin.edu.co\/index.php\/inicio\/red-de-instituciones\/colegio-mayor\/&#8221; global_colors_info=&#8221;{}&#8221;][\/wdcl_logo_carousel_child][wdcl_logo_carousel_child logo=&#8221;https:\/\/arrobamedellin.edu.co\/wp-content\/uploads\/2023\/03\/Actualizacio\u2560un-sitio-web-01.png&#8221; _builder_version=&#8221;4.20.2&#8243; _module_preset=&#8221;default&#8221; global_colors_info=&#8221;{}&#8221;][\/wdcl_logo_carousel_child][wdcl_logo_carousel_child logo=&#8221;https:\/\/arrobamedellin.edu.co\/wp-content\/uploads\/2022\/10\/3.png&#8221; _builder_version=&#8221;4.20.2&#8243; _module_preset=&#8221;default&#8221; global_colors_info=&#8221;{}&#8221;][\/wdcl_logo_carousel_child][wdcl_logo_carousel_child logo=&#8221;https:\/\/arrobamedellin.edu.co\/wp-content\/uploads\/2022\/10\/4.png&#8221; _builder_version=&#8221;4.20.2&#8243; _module_preset=&#8221;default&#8221; global_colors_info=&#8221;{}&#8221;][\/wdcl_logo_carousel_child][wdcl_logo_carousel_child logo=&#8221;https:\/\/arrobamedellin.edu.co\/wp-content\/uploads\/2023\/03\/Actualizacio\u2560un-sitio-web-02.png&#8221; _builder_version=&#8221;4.20.2&#8243; _module_preset=&#8221;default&#8221; global_colors_info=&#8221;{}&#8221;][\/wdcl_logo_carousel_child][wdcl_logo_carousel_child logo=&#8221;https:\/\/arrobamedellin.edu.co\/wp-content\/uploads\/2023\/03\/Actualizacio\u2560un-sitio-web-03.png&#8221; _builder_version=&#8221;4.20.2&#8243; _module_preset=&#8221;default&#8221; global_colors_info=&#8221;{}&#8221;][\/wdcl_logo_carousel_child][\/wdcl_logo_carousel][\/et_pb_column][\/et_pb_row][\/et_pb_section]<\/p>\n","protected":false},"excerpt":{"rendered":"<p>Programas acad\u00e9micos &gt; Pregrados &gt;\u00a0T\u00e9cnolog\u00eda en Gesti\u00f3n Ambiental Pr\u00f3ximamente 6 Semestres Virtual y con costo I.U. Colegio Mayor de Antioquia Cr\u00e9ditos C\u00f3digo SNIES: 106102 Para mayor informaci\u00f3n ingresa a\u00a0www.colegiomayor.edu.coDescripci\u00f3nFormar Tecn\u00f3logos en Gesti\u00f3n Ambiental para operativizar, ejecutar y aplicar estrategias, planes y programas tendientes a la soluci\u00f3n de problem\u00e1ticas ambientales, fomentando el aprovechamiento y uso sostenible [&hellip;]<\/p>\n","protected":false},"author":1,"featured_media":0,"parent":399,"menu_order":0,"comment_status":"closed","ping_status":"closed","template":"","meta":{"_et_pb_use_builder":"on","_et_pb_old_content":"","_et_gb_content_width":"","footnotes":""},"class_list":["post-1724","page","type-page","status-publish","hentry"],"_links":{"self":[{"href":"https:\/\/arrobamedellin.edu.co\/index.php\/wp-json\/wp\/v2\/pages\/1724","targetHints":{"allow":["GET"]}}],"collection":[{"href":"https:\/\/arrobamedellin.edu.co\/index.php\/wp-json\/wp\/v2\/pages"}],"about":[{"href":"https:\/\/arrobamedellin.edu.co\/index.php\/wp-json\/wp\/v2\/types\/page"}],"author":[{"embeddable":true,"href":"https:\/\/arrobamedellin.edu.co\/index.php\/wp-json\/wp\/v2\/users\/1"}],"replies":[{"embeddable":true,"href":"https:\/\/arrobamedellin.edu.co\/index.php\/wp-json\/wp\/v2\/comments?post=1724"}],"version-history":[{"count":32,"href":"https:\/\/arrobamedellin.edu.co\/index.php\/wp-json\/wp\/v2\/pages\/1724\/revisions"}],"predecessor-version":[{"id":11755,"href":"https:\/\/arrobamedellin.edu.co\/index.php\/wp-json\/wp\/v2\/pages\/1724\/revisions\/11755"}],"up":[{"embeddable":true,"href":"https:\/\/arrobamedellin.edu.co\/index.php\/wp-json\/wp\/v2\/pages\/399"}],"wp:attachment":[{"href":"https:\/\/arrobamedellin.edu.co\/index.php\/wp-json\/wp\/v2\/media?parent=1724"}],"curies":[{"name":"wp","href":"https:\/\/api.w.org\/{rel}","templated":true}]}}