{"id":13010,"date":"2025-03-28T15:33:33","date_gmt":"2025-03-28T20:33:33","guid":{"rendered":"https:\/\/arrobamedellin.edu.co\/?page_id=13010"},"modified":"2025-04-28T23:55:15","modified_gmt":"2025-04-29T04:55:15","slug":"vida-independiente-y-toma-de-decisiones-con-apoyo","status":"publish","type":"page","link":"https:\/\/arrobamedellin.edu.co\/index.php\/programas-academicos\/educacion-continua\/vida-independiente-y-toma-de-decisiones-con-apoyo\/","title":{"rendered":"Vida independiente y toma de decisiones con apoyo"},"content":{"rendered":"<p>[et_pb_section fb_built=&#8221;1&#8243; fullwidth=&#8221;on&#8221; _builder_version=&#8221;4.16&#8243; _module_preset=&#8221;default&#8221; global_colors_info=&#8221;{}&#8221;][et_pb_fullwidth_image src=&#8221;https:\/\/arrobamedellin.edu.co\/wp-content\/uploads\/2021\/07\/Mesa-de-trabajo-4.png&#8221; title_text=&#8221;Mesa de trabajo 4&#8243; _builder_version=&#8221;4.16&#8243; _module_preset=&#8221;default&#8221; global_colors_info=&#8221;{}&#8221;][\/et_pb_fullwidth_image][\/et_pb_section][et_pb_section fb_built=&#8221;1&#8243; _builder_version=&#8221;4.16&#8243; _module_preset=&#8221;default&#8221; background_enable_color=&#8221;off&#8221; custom_margin=&#8221;||||false|false&#8221; custom_padding=&#8221;0px||0px||false|false&#8221; global_colors_info=&#8221;{}&#8221;][et_pb_row _builder_version=&#8221;4.16&#8243; _module_preset=&#8221;default&#8221; global_colors_info=&#8221;{}&#8221;][et_pb_column type=&#8221;4_4&#8243; _builder_version=&#8221;4.16&#8243; _module_preset=&#8221;default&#8221; global_colors_info=&#8221;{}&#8221;][et_pb_text _builder_version=&#8221;4.27.4&#8243; _module_preset=&#8221;default&#8221; text_font=&#8221;Roboto Condensed|700|||||||&#8221; text_font_size=&#8221;18px&#8221; text_orientation=&#8221;center&#8221; custom_margin=&#8221;15px||||false|false&#8221; global_colors_info=&#8221;{}&#8221;]<a href=\"https:\/\/arrobamedellin.edu.co\/index.php\/programas-academicos\" style=\"color: #666;\">Programas acad\u00e9micos<\/a> &gt; <a href=\"https:\/\/arrobamedellin.edu.co\/index.php\/programas-academicos\/educacion-continua\" style=\"color: #666;\">Educaci\u00f3n continua<\/a> &gt; <span style=\"color: #ac3e95;\">Vida independiente y toma de decisiones con apoyo<\/span>[\/et_pb_text][\/et_pb_column][\/et_pb_row][et_pb_row column_structure=&#8221;2_5,3_5&#8243; use_custom_gutter=&#8221;on&#8221; gutter_width=&#8221;2&#8243; _builder_version=&#8221;4.16&#8243; _module_preset=&#8221;default&#8221; width=&#8221;65%&#8221; width_tablet=&#8221;&#8221; width_phone=&#8221;100%&#8221; width_last_edited=&#8221;on|phone&#8221; global_colors_info=&#8221;{}&#8221;][et_pb_column type=&#8221;2_5&#8243; _builder_version=&#8221;4.16&#8243; _module_preset=&#8221;default&#8221; global_colors_info=&#8221;{}&#8221;][et_pb_image src=&#8221;https:\/\/arrobamedellin.edu.co\/wp-content\/uploads\/2025\/03\/Inclusion.jpg&#8221; alt=&#8221;Curso Vida independiente y toma de decisiones con apoyo&#8221; title_text=&#8221;Inclusi\u00f3n&#8221; align=&#8221;center&#8221; admin_label=&#8221;Image&#8221; _builder_version=&#8221;4.27.4&#8243; _module_preset=&#8221;default&#8221; z_index=&#8221;0&#8243; width_tablet=&#8221;&#8221; width_phone=&#8221;80%&#8221; width_last_edited=&#8221;on|phone&#8221; min_height=&#8221;341px&#8221; border_radii=&#8221;on|15px|15px|15px|15px&#8221; box_shadow_style=&#8221;preset6&#8243; box_shadow_vertical=&#8221;-130px&#8221; box_shadow_color=&#8221;rgba(0,0,0,0.4)&#8221; saved_tabs=&#8221;all&#8221; global_colors_info=&#8221;{}&#8221;][\/et_pb_image][et_pb_text content_tablet=&#8221;<\/p>\n<p>USO SEGURO DE REDES SOCIALES<\/p>\n<p>&#8221; content_phone=&#8221;<\/p>\n<p>USO SEGURO DE REDES SOCIALES<\/p>\n<p>&#8221; content_last_edited=&#8221;off|desktop&#8221; admin_label=&#8221;Text&#8221; _builder_version=&#8221;4.27.4&#8243; _module_preset=&#8221;default&#8221; text_font=&#8221;Roboto Condensed|700|||||||&#8221; text_text_color=&#8221;#FFFFFF&#8221; text_font_size=&#8221;30px&#8221; text_line_height=&#8221;0.9em&#8221; header_font=&#8221;Roboto Condensed|700|||||||&#8221; vertical_offset=&#8221;291px&#8221; horizontal_offset=&#8221;29px&#8221; z_index=&#8221;91&#8243; width=&#8221;80%&#8221; width_tablet=&#8221;40%&#8221; width_phone=&#8221;90%&#8221; width_last_edited=&#8221;on|phone&#8221; custom_margin=&#8221;-135px|||33px|false|false&#8221; custom_margin_tablet=&#8221;|20px||20px|false|false&#8221; custom_margin_phone=&#8221;||||false|false&#8221; custom_margin_last_edited=&#8221;on|phone&#8221; custom_padding=&#8221;|0px|||false|false&#8221; text_font_size_tablet=&#8221;40px&#8221; text_font_size_phone=&#8221;28px&#8221; text_font_size_last_edited=&#8221;on|tablet&#8221; text_orientation_tablet=&#8221;center&#8221; text_orientation_phone=&#8221;center&#8221; text_orientation_last_edited=&#8221;on|phone&#8221; module_alignment_tablet=&#8221;center&#8221; module_alignment_phone=&#8221;center&#8221; module_alignment_last_edited=&#8221;on|phone&#8221; global_colors_info=&#8221;{}&#8221;]VIDA INDEPENDIENTE Y TOMA DE DECISIONES CON APOYO[\/et_pb_text][et_pb_text module_id=&#8221;cursosecretaria4&#8243; _builder_version=&#8221;4.27.4&#8243; _module_preset=&#8221;default&#8221; text_font=&#8221;Roboto Condensed|300|||||||&#8221; text_text_color=&#8221;#FFFFFF&#8221; text_font_size=&#8221;26px&#8221; text_line_height=&#8221;0.9em&#8221; header_font=&#8221;Roboto Condensed|700|||||||&#8221; vertical_offset=&#8221;291px&#8221; horizontal_offset=&#8221;29px&#8221; z_index=&#8221;91&#8243; width=&#8221;100%&#8221; width_tablet=&#8221;40%&#8221; width_phone=&#8221;100%&#8221; width_last_edited=&#8221;on|phone&#8221; custom_margin=&#8221;-14px|||33px|false|false&#8221; custom_margin_tablet=&#8221;|20px||20px|false|false&#8221; custom_margin_phone=&#8221;&#8221; custom_margin_last_edited=&#8221;on|phone&#8221; text_font_size_tablet=&#8221;40px&#8221; text_font_size_phone=&#8221;28px&#8221; text_font_size_last_edited=&#8221;on|tablet&#8221; text_orientation_tablet=&#8221;center&#8221; text_orientation_phone=&#8221;center&#8221; text_orientation_last_edited=&#8221;on|phone&#8221; module_alignment_tablet=&#8221;center&#8221; module_alignment_phone=&#8221;center&#8221; module_alignment_last_edited=&#8221;on|phone&#8221; saved_tabs=&#8221;all&#8221; global_colors_info=&#8221;{}&#8221;][\/et_pb_text][et_pb_text _builder_version=&#8221;4.20.2&#8243; _module_preset=&#8221;default&#8221; global_module=&#8221;11028&#8243; global_colors_info=&#8221;{}&#8221;]<\/p>\n<p>Contenido realizado por:<\/p>\n<p>[\/et_pb_text][et_pb_image src=&#8221;https:\/\/arrobamedellin.edu.co\/wp-content\/uploads\/2025\/04\/479X113_@MED-IUD_02.png&#8221; alt=&#8221;Banner IU digital&#8221; title_text=&#8221;Banner IU digital&#8221; show_bottom_space=&#8221;off&#8221; align=&#8221;center&#8221; force_fullwidth=&#8221;on&#8221; src_tablet=&#8221;&#8221; src_phone=&#8221;&#8221; src_last_edited=&#8221;on|phone&#8221; _builder_version=&#8221;4.27.4&#8243; _module_preset=&#8221;default&#8221; module_alignment=&#8221;center&#8221; custom_margin=&#8221;-10px||||false|false&#8221; hover_enabled=&#8221;0&#8243; saved_tabs=&#8221;all&#8221; global_colors_info=&#8221;{}&#8221; sticky_enabled=&#8221;0&#8243;][\/et_pb_image][\/et_pb_column][et_pb_column type=&#8221;3_5&#8243; _builder_version=&#8221;4.16&#8243; _module_preset=&#8221;default&#8221; global_colors_info=&#8221;{}&#8221;][et_pb_text _builder_version=&#8221;4.16&#8243; _module_preset=&#8221;default&#8221; text_font=&#8221;Roboto Condensed|700|||||||&#8221; text_text_color=&#8221;#007df6&#8243; text_font_size=&#8221;30px&#8221; header_font=&#8221;Roboto Condensed|700|||||||&#8221; width_tablet=&#8221;40%&#8221; width_phone=&#8221;38%&#8221; width_last_edited=&#8221;on|phone&#8221; module_alignment=&#8221;left&#8221; custom_margin=&#8221;20px||||false|false&#8221; custom_margin_tablet=&#8221;|20px||20px|false|false&#8221; custom_margin_phone=&#8221;&#8221; custom_margin_last_edited=&#8221;on|phone&#8221; text_font_size_tablet=&#8221;40px&#8221; text_font_size_phone=&#8221;28px&#8221; text_font_size_last_edited=&#8221;on|tablet&#8221; text_orientation_tablet=&#8221;center&#8221; text_orientation_phone=&#8221;center&#8221; text_orientation_last_edited=&#8221;on|phone&#8221; module_alignment_tablet=&#8221;center&#8221; module_alignment_phone=&#8221;center&#8221; module_alignment_last_edited=&#8221;on|phone&#8221; custom_css_main_element=&#8221;padding-bottom: 5px;||border-bottom-style: solid;||border-bottom-width: 3.1px;||width: fit-content;&#8221; global_colors_info=&#8221;{}&#8221;]<\/p>\n<p>Descripci\u00f3n<\/p>\n<p>[\/et_pb_text][et_pb_text _builder_version=&#8221;4.27.4&#8243; _module_preset=&#8221;default&#8221; text_font=&#8221;Roboto Condensed||||||||&#8221; text_text_color=&#8221;#6d6e70&#8243; text_font_size=&#8221;22px&#8221; custom_margin=&#8221;||||false|false&#8221; custom_margin_tablet=&#8221;|40px||40px|false|true&#8221; custom_margin_phone=&#8221;|40px||40px|false|true&#8221; custom_margin_last_edited=&#8221;on|phone&#8221; custom_padding=&#8221;20px||||false|false&#8221; global_colors_info=&#8221;{}&#8221;]<\/p>\n<p>La autonom\u00eda, la dignidad y la participaci\u00f3n de las personas con discapacidad se promueven desde un enfoque de Vida Independiente, filosof\u00eda y movimiento pol\u00edtico que reconoce la capacidad de las personas con discapacidad de tomar decisiones sobre su propia vida. En Colombia, la Ley establece la toma de decisiones con apoyo como garant\u00eda de los derechos de las personas con discapacidad. Este curso b\u00e1sico brindar\u00e1 conocimientos y la comprensi\u00f3n esencial sobre ambos temas, explorando sus principios y estrategias para que, desde cualquier tipo de rol, se pueda contribuir a una sociedad m\u00e1s equitativa, inclusiva y justa.<\/p>\n<h3 style=\"text-align: justify;\"><strong>Certificaci\u00f3n<\/strong><\/h3>\n<p>Certificado de participaci\u00f3n entregado por Sapiencia<\/p>\n<p>[\/et_pb_text][\/et_pb_column][\/et_pb_row][\/et_pb_section][et_pb_section fb_built=&#8221;1&#8243; disabled_on=&#8221;on|on|off&#8221; _builder_version=&#8221;4.16&#8243; _module_preset=&#8221;default&#8221; global_colors_info=&#8221;{}&#8221;][et_pb_row admin_label=&#8221;Row&#8221; _builder_version=&#8221;4.16&#8243; _module_preset=&#8221;default&#8221; global_colors_info=&#8221;{}&#8221;][et_pb_column type=&#8221;4_4&#8243; _builder_version=&#8221;4.16&#8243; _module_preset=&#8221;default&#8221; global_colors_info=&#8221;{}&#8221;][et_pb_text _builder_version=&#8221;4.16&#8243; _module_preset=&#8221;default&#8221; text_font=&#8221;Roboto Condensed|700|||||||&#8221; text_text_color=&#8221;#007df6&#8243; text_font_size=&#8221;30px&#8221; header_font=&#8221;Roboto Condensed|700|||||||&#8221; width=&#8221;10%&#8221; module_alignment=&#8221;center&#8221; text_font_size_tablet=&#8221;50px&#8221; text_font_size_phone=&#8221;45px&#8221; text_font_size_last_edited=&#8221;on|phone&#8221; custom_css_main_element=&#8221;padding-bottom: 5px;||border-bottom-style: solid;||border-bottom-width: 3.1px;||width: fit-content;&#8221; global_colors_info=&#8221;{}&#8221;]<\/p>\n<p style=\"text-align: center;\">Especificaciones<\/p>\n<p>[\/et_pb_text][\/et_pb_column][\/et_pb_row][et_pb_row column_structure=&#8221;1_4,1_4,1_4,1_4&#8243; use_custom_gutter=&#8221;on&#8221; gutter_width=&#8221;1&#8243; disabled_on=&#8221;off|off|off&#8221; _builder_version=&#8221;4.16&#8243; _module_preset=&#8221;default&#8221; width=&#8221;100%&#8221; module_alignment=&#8221;center&#8221; custom_margin=&#8221;||||false|false&#8221; custom_padding=&#8221;|20px||0px|false|false&#8221; saved_tabs=&#8221;all&#8221; locked=&#8221;off&#8221; global_colors_info=&#8221;{}&#8221;][et_pb_column type=&#8221;1_4&#8243; _builder_version=&#8221;4.16&#8243; _module_preset=&#8221;default&#8221; global_colors_info=&#8221;{}&#8221;][et_pb_image src=&#8221;https:\/\/arrobamedellin.edu.co\/wp-content\/uploads\/2021\/08\/Botones-@medellin-44.png&#8221; align=&#8221;center&#8221; admin_label=&#8221;Image&#8221; module_id=&#8221;showContenidoDesktop1&#8243; _builder_version=&#8221;4.16&#8243; _module_preset=&#8221;default&#8221; width=&#8221;70%&#8221; custom_margin=&#8221;|5%|||false|false&#8221; custom_css_main_element=&#8221;display: none;&#8221; global_colors_info=&#8221;{}&#8221; src__hover_enabled=&#8221;on|desktop&#8221; src__hover=&#8221;https:\/\/arrobamedellin.edu.co\/wp-content\/uploads\/2021\/08\/Botones-@medellin-41.png&#8221;][\/et_pb_image][et_pb_image src=&#8221;https:\/\/arrobamedellin.edu.co\/wp-content\/uploads\/2021\/08\/Botones-@medellin-41.png&#8221; show_bottom_space=&#8221;off&#8221; align=&#8221;center&#8221; admin_label=&#8221;Image&#8221; module_id=&#8221;showContenidoDesktop2&#8243; _builder_version=&#8221;4.16&#8243; _module_preset=&#8221;default&#8221; width=&#8221;70%&#8221; custom_margin=&#8221;|5%|||false|false&#8221; global_colors_info=&#8221;{}&#8221; src__hover_enabled=&#8221;on|desktop&#8221; src__hover=&#8221;https:\/\/arrobamedellin.edu.co\/wp-content\/uploads\/2021\/08\/Botones-@medellin-41.png&#8221;][\/et_pb_image][\/et_pb_column][et_pb_column type=&#8221;1_4&#8243; _builder_version=&#8221;4.16&#8243; _module_preset=&#8221;default&#8221; global_colors_info=&#8221;{}&#8221;][et_pb_image src=&#8221;https:\/\/arrobamedellin.edu.co\/wp-content\/uploads\/2021\/08\/Botones-@medellin-45.png&#8221; show_bottom_space=&#8221;off&#8221; align=&#8221;center&#8221; admin_label=&#8221;Image&#8221; module_id=&#8221;showRequisitosDesktop1&#8243; _builder_version=&#8221;4.16&#8243; _module_preset=&#8221;default&#8221; width=&#8221;65%&#8221; custom_margin=&#8221;|||10%|false|false&#8221; global_colors_info=&#8221;{}&#8221; src__hover_enabled=&#8221;on|hover&#8221; src__hover=&#8221;https:\/\/arrobamedellin.edu.co\/wp-content\/uploads\/2021\/08\/Botones-@medellin-42.png&#8221;][\/et_pb_image][et_pb_image src=&#8221;https:\/\/arrobamedellin.edu.co\/wp-content\/uploads\/2021\/08\/Botones-@medellin-42.png&#8221; show_bottom_space=&#8221;off&#8221; align=&#8221;center&#8221; admin_label=&#8221;Image&#8221; module_id=&#8221;showRequisitosDesktop2&#8243; _builder_version=&#8221;4.16&#8243; _module_preset=&#8221;default&#8221; width=&#8221;65%&#8221; custom_margin=&#8221;|||10%|false|false&#8221; custom_css_main_element=&#8221;display: none;&#8221; global_colors_info=&#8221;{}&#8221; src__hover_enabled=&#8221;on|hover&#8221; src__hover=&#8221;https:\/\/arrobamedellin.edu.co\/wp-content\/uploads\/2021\/08\/Botones-@medellin-45.png&#8221;][\/et_pb_image][\/et_pb_column][et_pb_column type=&#8221;1_4&#8243; _builder_version=&#8221;4.16&#8243; _module_preset=&#8221;default&#8221; global_colors_info=&#8221;{}&#8221;][et_pb_image src=&#8221;https:\/\/arrobamedellin.edu.co\/wp-content\/uploads\/2021\/08\/Botones-@medellin-46.png&#8221; show_bottom_space=&#8221;off&#8221; align=&#8221;center&#8221; module_id=&#8221;showProcesoDesktop1&#8243; _builder_version=&#8221;4.16&#8243; _module_preset=&#8221;default&#8221; width=&#8221;94.1%&#8221; custom_margin=&#8221;|||-12%|false|false&#8221; global_colors_info=&#8221;{}&#8221; src__hover_enabled=&#8221;on|hover&#8221; src__hover=&#8221;https:\/\/arrobamedellin.edu.co\/wp-content\/uploads\/2021\/08\/Botones-@medellin-43.png&#8221;][\/et_pb_image][et_pb_image src=&#8221;https:\/\/arrobamedellin.edu.co\/wp-content\/uploads\/2021\/08\/Botones-@medellin-43.png&#8221; show_bottom_space=&#8221;off&#8221; align=&#8221;center&#8221; module_id=&#8221;showProcesoDesktop2&#8243; _builder_version=&#8221;4.16&#8243; _module_preset=&#8221;default&#8221; width=&#8221;94.1%&#8221; custom_margin=&#8221;|||-12%|false|false&#8221; custom_css_main_element=&#8221;display: none;&#8221; global_colors_info=&#8221;{}&#8221; src__hover_enabled=&#8221;on|hover&#8221; src__hover=&#8221;https:\/\/arrobamedellin.edu.co\/wp-content\/uploads\/2021\/08\/Botones-@medellin-46.png&#8221;][\/et_pb_image][\/et_pb_column][et_pb_column type=&#8221;1_4&#8243; _builder_version=&#8221;4.16&#8243; _module_preset=&#8221;default&#8221; global_colors_info=&#8221;{}&#8221;][et_pb_image src=&#8221;https:\/\/arrobamedellin.edu.co\/wp-content\/uploads\/2022\/02\/Botones-@medellin-140.png&#8221; title_text=&#8221;Botones @medell\u00edn-139&#8243; url=&#8221;https:\/\/arrobamedellin.edu.co\/index.php\/programas-academicos\/educacion-continua\/formulario-de-inscripcion\/&#8221; url_new_window=&#8221;on&#8221; disabled_on=&#8221;off|off|off&#8221; module_id=&#8221;inscripcionsecretaria4&#8243; _builder_version=&#8221;4.27.4&#8243; _module_preset=&#8221;default&#8221; width=&#8221;75%&#8221; module_alignment=&#8221;left&#8221; global_colors_info=&#8221;{}&#8221; src__hover_enabled=&#8221;on|desktop&#8221; src__hover=&#8221;https:\/\/arrobamedellin.edu.co\/wp-content\/uploads\/2022\/02\/Botones-@medellin-139.png&#8221;][\/et_pb_image][\/et_pb_column][\/et_pb_row][et_pb_row module_id=&#8221;hiddenContenidoDesktop&#8221; _builder_version=&#8221;4.16&#8243; _module_preset=&#8221;default&#8221; background_color=&#8221;#f0f0f0&#8243; width=&#8221;50%&#8221; width_last_edited=&#8221;off|phone&#8221; border_radii=&#8221;on|20px|20px|20px|20px&#8221; border_color_all=&#8221;#ae3e97&#8243; global_colors_info=&#8221;{}&#8221;][et_pb_column type=&#8221;4_4&#8243; admin_label=&#8221;Column&#8221; _builder_version=&#8221;4.16&#8243; _module_preset=&#8221;default&#8221; global_colors_info=&#8221;{}&#8221;][et_pb_text _builder_version=&#8221;4.27.4&#8243; _module_preset=&#8221;default&#8221; text_font=&#8221;Roboto Condensed||||||||&#8221; ul_font_size=&#8221;18px&#8221; ol_font=&#8221;Roboto Condensed||||||||&#8221; ol_font_size=&#8221;18px&#8221; ol_line_height=&#8221;1.3em&#8221; header_4_font=&#8221;Roboto Condensed||||||||&#8221; custom_padding=&#8221;|25px||25px|false|true&#8221; global_colors_info=&#8221;{}&#8221;]<\/p>\n<h4 style=\"color: #ae3e97; font-family: 'Roboto Condensed'; text-align: justify;\">M\u00f3dulo 1 &#8211; Concepto de discapacidad y enfoque de vida independiente<strong><\/strong><\/h4>\n<ul style=\"font-family: 'Roboto Condensed'; color: #6d6e70; text-align: justify;\">\n<li>Definici\u00f3n del concepto de discapacidad.<\/li>\n<li>Categor\u00edas de la discapacidad en Colombia.<\/li>\n<li>Paradigmas y modelos de discapacidad.<\/li>\n<li>Normatividad en Colombia.<\/li>\n<li>Recomendaciones y reflexiones.<\/li>\n<\/ul>\n<h4 style=\"color: #ae3e97; text-align: justify;\">M\u00f3dulo 2 &#8211; Movimiento y filosof\u00eda de vida<br \/>\nindependiente<\/h4>\n<ul style=\"font-family: 'Roboto Condensed'; color: #6d6e70; text-align: justify;\">\n<li> Historia del Movimiento de Vida Independiente.\n<li> Principios y filosof\u00eda del Movimiento de Vida Independiente.<\/li>\n<li> Asistencia personal y personas cuidadoras.<\/li>\n<li>Del cuidado al apoyo.<\/li>\n<li>Educaci\u00f3n inclusiva en igualdad de oportunidades.<\/li>\n<li>El derecho a la sexualidad y a poder formar una familia.<\/li>\n<\/ul>\n<h4 style=\"color: #ae3e97; text-align: justify;\">M\u00f3dulo 3 &#8211; De la interdicci\u00f3n a la toma de decisiones con Apoyo<\/h4>\n<ul style=\"font-family: 'Roboto Condensed'; color: #6d6e70; text-align: justify;\">\n<li>Concepto de Interdicci\u00f3n.<\/li>\n<li> Tomar decisiones con apoyo.<\/li>\n<li>Reconocimiento de la capacidad jur\u00eddica.<\/li>\n<li>Herramientas, recomendaciones y reflexiones.<\/li>\n<\/ul>\n<p style=\"font-family: 'Roboto Condensed'; color: #6d6e70; text-align: justify; font-size: 18px;\">Metodolog\u00eda virtual autogestionable<\/p>\n<p>[\/et_pb_text][\/et_pb_column][\/et_pb_row][et_pb_row module_id=&#8221;hiddenRequisitosDesktop&#8221; _builder_version=&#8221;4.16&#8243; _module_preset=&#8221;default&#8221; background_color=&#8221;#f0f0f0&#8243; width=&#8221;50%&#8221; custom_css_main_element=&#8221;display: none;&#8221; border_radii=&#8221;on|20px|20px|20px|20px&#8221; border_color_all=&#8221;#ae3e97&#8243; global_colors_info=&#8221;{}&#8221;][et_pb_column type=&#8221;4_4&#8243; _builder_version=&#8221;4.16&#8243; _module_preset=&#8221;default&#8221; global_colors_info=&#8221;{}&#8221;][et_pb_text _builder_version=&#8221;4.27.4&#8243; _module_preset=&#8221;default&#8221; text_font=&#8221;Roboto Condensed||||||||&#8221; ol_font=&#8221;Roboto Condensed||||||||&#8221; ol_font_size=&#8221;18px&#8221; ol_line_height=&#8221;1.3em&#8221; header_4_font=&#8221;Roboto Condensed||||||||&#8221; custom_padding=&#8221;|25px||25px|false|true&#8221; global_module=&#8221;12822&#8243; saved_tabs=&#8221;all&#8221; global_colors_info=&#8221;{}&#8221;]<\/p>\n<h4 style=\"color: #ae3e97;\">Requisitos<\/h4>\n<ol>\n<li style=\"text-align: justify;\">Ser mayor de 18 a\u00f1os.<\/li>\n<li style=\"text-align: justify;\">Saber leer y escribir.<\/li>\n<li style=\"text-align: justify;\">Tener conocimientos b\u00e1sicos en el manejo del computador, correo electr\u00f3nico e Internet.<\/li>\n<li style=\"text-align: justify;\">Tener acceso a un computador con conexi\u00f3n a Internet.<\/li>\n<li style=\"text-align: justify;\">Contar con el tiempo disponible para desarrollar el curso en un mes.<\/li>\n<li style=\"text-align: justify;\">Vivir en Medell\u00edn.<\/li>\n<li style=\"text-align: justify;\">Diligenciar el formulario de inscripci\u00f3n de forma correcta, verificando que los datos suministrados sean acertados.<\/li>\n<\/ol>\n<p>[\/et_pb_text][\/et_pb_column][\/et_pb_row][et_pb_row module_id=&#8221;hiddenProcesoDesktop&#8221; _builder_version=&#8221;4.16&#8243; _module_preset=&#8221;default&#8221; background_color=&#8221;#f0f0f0&#8243; width=&#8221;50%&#8221; custom_css_main_element=&#8221;display: none;&#8221; border_radii=&#8221;on|20px|20px|20px|20px&#8221; border_color_all=&#8221;#ae3e97&#8243; global_colors_info=&#8221;{}&#8221;][et_pb_column type=&#8221;4_4&#8243; _builder_version=&#8221;4.16&#8243; _module_preset=&#8221;default&#8221; global_colors_info=&#8221;{}&#8221;][et_pb_text admin_label=&#8221;Text&#8221; _builder_version=&#8221;4.27.4&#8243; _module_preset=&#8221;default&#8221; text_font=&#8221;Roboto Condensed||||||||&#8221; text_font_size=&#8221;18px&#8221; ol_font=&#8221;Roboto Condensed||||||||&#8221; ol_font_size=&#8221;18px&#8221; ol_line_height=&#8221;1.3em&#8221; header_4_font=&#8221;Roboto Condensed||||||||&#8221; custom_padding=&#8221;|25px||25px|false|true&#8221; global_module=&#8221;12750&#8243; global_colors_info=&#8221;{}&#8221;]<\/p>\n<h4 style=\"color: #ae3e97;\">\u00bfCu\u00e1les ser\u00e1n los criterios de selecci\u00f3n?<\/h4>\n<p style=\"text-align: justify;\">Cupos a demanda de inscripci\u00f3n, dentro de las fechas previstas en el cronograma y que cumplan con los requisitos de la convocatoria.<\/p>\n<h4 style=\"color: #ae3e97;\">\u00bfC\u00f3mo ser\u00e1 el proceso de selecci\u00f3n?<\/h4>\n<p style=\"text-align: justify;\">Cupos a demanda de inscripci\u00f3n, dentro de las fechas previstas en el cronograma y que cumplan con los requisitos de la convocatoria.<\/p>\n<h4 style=\"color: #ae3e97;\">\u00bfQui\u00e9nes no podr\u00e1n ser elegibles?<\/h4>\n<p style=\"text-align: justify;\">Los que no cumplan con los requisitos anteriores.<\/p>\n<h4 style=\"color: #ae3e97;\">\u00bfCu\u00e1les son los criterios de aprobaci\u00f3n del curso?<\/h4>\n<p style=\"text-align: justify;\">Realizar el 100% de las actividades del curso y aprobar el 80% de las mismas.<br \/>Diligenciar encuesta de satisfacci\u00f3n<\/p>\n<h4 style=\"color: #ae3e97;\">\u00bfCu\u00e1l es el tipo de certificaci\u00f3n?<\/h4>\n<p style=\"text-align: justify;\">Constancia de participaci\u00f3n expedida por Sapiencia.<\/p>\n<p><!--<\/p>\n\n\n\n\n\n\n\n\n<h4 style=\"color: #ae3e97;\">\u00bfCu\u00e1l es el cronograma?<\/h4>\n\n\n\n\n\n\n\n\n<p style=\"text-align: justify;\">- Fecha de apertura 21 de octubre 12 del medio d\u00eda\n\n\n- Fecha de cierre 8 de noviembre 4pm.\n\n\n- Fecha de inicio de curso 13 de noviembre\n\n\n- Fecha de cierre de curso 27 de diciembre 4pm.<\/p>\n\n\n\n\n\n\n\n\n<p>--><\/p>\n<p>[\/et_pb_text][\/et_pb_column][\/et_pb_row][\/et_pb_section][et_pb_section fb_built=&#8221;1&#8243; disabled_on=&#8221;off|off|on&#8221; _builder_version=&#8221;4.16&#8243; _module_preset=&#8221;default&#8221; locked=&#8221;off&#8221; collapsed=&#8221;off&#8221; global_colors_info=&#8221;{}&#8221;][et_pb_row _builder_version=&#8221;4.16&#8243; _module_preset=&#8221;default&#8221; collapsed=&#8221;on&#8221; global_colors_info=&#8221;{}&#8221;][et_pb_column type=&#8221;4_4&#8243; _builder_version=&#8221;4.16&#8243; _module_preset=&#8221;default&#8221; global_colors_info=&#8221;{}&#8221;][et_pb_text _builder_version=&#8221;4.16&#8243; _module_preset=&#8221;default&#8221; text_font=&#8221;Roboto Condensed|700|||||||&#8221; text_text_color=&#8221;#007df6&#8243; text_font_size=&#8221;50px&#8221; header_font=&#8221;Roboto Condensed|700|||||||&#8221; width=&#8221;10%&#8221; module_alignment=&#8221;center&#8221; text_font_size_tablet=&#8221;40px&#8221; text_font_size_phone=&#8221;28px&#8221; text_font_size_last_edited=&#8221;on|phone&#8221; custom_css_main_element=&#8221;padding-bottom: 5px;||border-bottom-style: solid;||border-bottom-width: 3.1px;||width: fit-content;&#8221; global_colors_info=&#8221;{}&#8221;]<\/p>\n<p style=\"text-align: center;\">Especificaciones<\/p>\n<p>[\/et_pb_text][\/et_pb_column][\/et_pb_row][et_pb_row _builder_version=&#8221;4.16&#8243; _module_preset=&#8221;default&#8221; custom_margin=&#8221;||-40px||false|false&#8221; locked=&#8221;off&#8221; global_colors_info=&#8221;{}&#8221;][et_pb_column type=&#8221;4_4&#8243; _builder_version=&#8221;4.16&#8243; _module_preset=&#8221;default&#8221; global_colors_info=&#8221;{}&#8221;][et_pb_image src=&#8221;https:\/\/arrobamedellin.edu.co\/wp-content\/uploads\/2021\/08\/Botones-@medellin-44.png&#8221; align=&#8221;center&#8221; src_last_edited=&#8221;off|desktop&#8221; module_id=&#8221;showContenido1&#8243; _builder_version=&#8221;4.16&#8243; _module_preset=&#8221;default&#8221; width=&#8221;70%&#8221; global_colors_info=&#8221;{}&#8221; src__hover_enabled=&#8221;on|hover&#8221; src__hover=&#8221;https:\/\/arrobamedellin.edu.co\/wp-content\/uploads\/2021\/08\/Botones-@medellin-41.png&#8221;][\/et_pb_image][et_pb_image src=&#8221;https:\/\/arrobamedellin.edu.co\/wp-content\/uploads\/2021\/08\/Botones-@medellin-41.png&#8221; align=&#8221;center&#8221; module_id=&#8221;showContenido2&#8243; _builder_version=&#8221;4.16&#8243; _module_preset=&#8221;default&#8221; width=&#8221;70%&#8221; custom_css_main_element=&#8221;display: none;&#8221; global_colors_info=&#8221;{}&#8221; src__hover_enabled=&#8221;off|desktop&#8221; src__hover=&#8221;https:\/\/arrobamedellin.edu.co\/wp-content\/uploads\/2021\/08\/Botones-@medellin-41.png&#8221;][\/et_pb_image][\/et_pb_column][\/et_pb_row][et_pb_row module_id=&#8221;hiddenContenido&#8221; _builder_version=&#8221;4.16&#8243; _module_preset=&#8221;default&#8221; background_color=&#8221;#f0f0f0&#8243; custom_margin=&#8221;40px||||false|false&#8221; custom_css_main_element=&#8221;display: none;&#8221; border_radii=&#8221;on|20px|20px|20px|20px&#8221; border_color_all=&#8221;#ae3e97&#8243; global_colors_info=&#8221;{}&#8221;][et_pb_column type=&#8221;4_4&#8243; _builder_version=&#8221;4.16&#8243; _module_preset=&#8221;default&#8221; global_colors_info=&#8221;{}&#8221;][et_pb_text _builder_version=&#8221;4.27.4&#8243; _module_preset=&#8221;default&#8221; text_font=&#8221;Roboto Condensed||||||||&#8221; ul_font=&#8221;Roboto Condensed||||||||&#8221; ul_font_size=&#8221;20px&#8221; ol_font=&#8221;Roboto Condensed||||||||&#8221; ol_font_size=&#8221;22px&#8221; ol_line_height=&#8221;1.3em&#8221; header_4_font=&#8221;Roboto Condensed||||||||&#8221; custom_padding=&#8221;|25px||25px|false|true&#8221; global_colors_info=&#8221;{}&#8221;]<\/p>\n<h4 style=\"color: #ae3e97; font-family: 'Roboto Condensed'; text-align: justify;\">M\u00f3dulo 1 &#8211; Concepto de discapacidad y enfoque de vida independiente<strong><\/strong><\/h4>\n<ul style=\"font-family: 'Roboto Condensed'; color: #6d6e70; text-align: justify;\">\n<li>Definici\u00f3n del concepto de discapacidad.<\/li>\n<li>Categor\u00edas de la discapacidad en Colombia.<\/li>\n<li>Paradigmas y modelos de discapacidad.<\/li>\n<li>Normatividad en Colombia.<\/li>\n<li>Recomendaciones y reflexiones.<\/li>\n<\/ul>\n<h4 style=\"color: #ae3e97; text-align: justify;\">M\u00f3dulo 2 &#8211; Movimiento y filosof\u00eda de vida<br \/>\nindependiente<\/h4>\n<ul style=\"font-family: 'Roboto Condensed'; color: #6d6e70; text-align: justify;\">\n<li> Historia del Movimiento de Vida Independiente.\n<li> Principios y filosof\u00eda del Movimiento de Vida Independiente.<\/li>\n<li> Asistencia personal y personas cuidadoras.<\/li>\n<li>Del cuidado al apoyo.<\/li>\n<li>Educaci\u00f3n inclusiva en igualdad de oportunidades.<\/li>\n<li>El derecho a la sexualidad y a poder formar una familia.<\/li>\n<\/ul>\n<h4 style=\"color: #ae3e97; text-align: justify;\">M\u00f3dulo 3 &#8211; De la interdicci\u00f3n a la toma de decisiones con Apoyo<\/h4>\n<ul style=\"font-family: 'Roboto Condensed'; color: #6d6e70; text-align: justify;\">\n<li>Concepto de Interdicci\u00f3n.<\/li>\n<li> Tomar decisiones con apoyo.<\/li>\n<li>Reconocimiento de la capacidad jur\u00eddica.<\/li>\n<li>Herramientas, recomendaciones y reflexiones.<\/li>\n<\/ul>\n<p style=\"font-family: 'Roboto Condensed'; color: #6d6e70; text-align: justify; font-size: 18px;\">Metodolog\u00eda virtual autogestionable<\/p>\n<p>[\/et_pb_text][\/et_pb_column][\/et_pb_row][et_pb_row _builder_version=&#8221;4.16&#8243; _module_preset=&#8221;default&#8221; custom_margin=&#8221;||||false|false&#8221; locked=&#8221;off&#8221; collapsed=&#8221;on&#8221; global_colors_info=&#8221;{}&#8221;][et_pb_column type=&#8221;4_4&#8243; _builder_version=&#8221;4.16&#8243; _module_preset=&#8221;default&#8221; global_colors_info=&#8221;{}&#8221;][et_pb_image src=&#8221;https:\/\/arrobamedellin.edu.co\/wp-content\/uploads\/2021\/08\/Botones-@medellin-45.png&#8221; align=&#8221;center&#8221; module_id=&#8221;showRequisitos1&#8243; _builder_version=&#8221;4.16&#8243; _module_preset=&#8221;default&#8221; width=&#8221;70%&#8221; global_colors_info=&#8221;{}&#8221; src__hover_enabled=&#8221;on|hover&#8221; src__hover=&#8221;https:\/\/arrobamedellin.edu.co\/wp-content\/uploads\/2021\/08\/Botones-@medellin-42.png&#8221;][\/et_pb_image][et_pb_image src=&#8221;https:\/\/arrobamedellin.edu.co\/wp-content\/uploads\/2021\/08\/Botones-@medellin-42.png&#8221; align=&#8221;center&#8221; module_id=&#8221;showRequisitos2&#8243; _builder_version=&#8221;4.16&#8243; _module_preset=&#8221;default&#8221; width=&#8221;70%&#8221; custom_css_main_element=&#8221;display: none;&#8221; global_colors_info=&#8221;{}&#8221; src__hover_enabled=&#8221;off|desktop&#8221; src__hover=&#8221;https:\/\/arrobamedellin.edu.co\/wp-content\/uploads\/2021\/08\/Botones-@medellin-42.png&#8221;][\/et_pb_image][\/et_pb_column][\/et_pb_row][et_pb_row module_id=&#8221;hiddenRequisitos&#8221; _builder_version=&#8221;4.27.4&#8243; _module_preset=&#8221;default&#8221; background_color=&#8221;#f0f0f0&#8243; custom_margin=&#8221;||40px||false|false&#8221; custom_css_main_element=&#8221;display: none;&#8221; border_radii=&#8221;on|20px|20px|20px|20px&#8221; border_color_all=&#8221;#ae3e97&#8243; collapsed=&#8221;on&#8221; global_colors_info=&#8221;{}&#8221;][et_pb_column type=&#8221;4_4&#8243; _builder_version=&#8221;4.16&#8243; _module_preset=&#8221;default&#8221; global_colors_info=&#8221;{}&#8221;][et_pb_text _builder_version=&#8221;4.27.4&#8243; _module_preset=&#8221;default&#8221; text_font=&#8221;Roboto Condensed||||||||&#8221; ol_font=&#8221;Roboto Condensed||||||||&#8221; ol_font_size=&#8221;18px&#8221; ol_line_height=&#8221;1.3em&#8221; header_4_font=&#8221;Roboto Condensed||||||||&#8221; custom_padding=&#8221;|25px||25px|false|true&#8221; global_module=&#8221;12822&#8243; global_colors_info=&#8221;{}&#8221;]<\/p>\n<h4 style=\"color: #ae3e97;\">Requisitos<\/h4>\n<ol>\n<li style=\"text-align: justify;\">Ser mayor de 18 a\u00f1os.<\/li>\n<li style=\"text-align: justify;\">Saber leer y escribir.<\/li>\n<li style=\"text-align: justify;\">Tener conocimientos b\u00e1sicos en el manejo del computador, correo electr\u00f3nico e Internet.<\/li>\n<li style=\"text-align: justify;\">Tener acceso a un computador con conexi\u00f3n a Internet.<\/li>\n<li style=\"text-align: justify;\">Contar con el tiempo disponible para desarrollar el curso en un mes.<\/li>\n<li style=\"text-align: justify;\">Vivir en Medell\u00edn.<\/li>\n<li style=\"text-align: justify;\">Diligenciar el formulario de inscripci\u00f3n de forma correcta, verificando que los datos suministrados sean acertados.<\/li>\n<\/ol>\n<p>[\/et_pb_text][\/et_pb_column][\/et_pb_row][et_pb_row _builder_version=&#8221;4.16&#8243; _module_preset=&#8221;default&#8221; custom_margin=&#8221;-40px||||false|false&#8221; locked=&#8221;off&#8221; collapsed=&#8221;on&#8221; global_colors_info=&#8221;{}&#8221;][et_pb_column type=&#8221;4_4&#8243; _builder_version=&#8221;4.16&#8243; _module_preset=&#8221;default&#8221; global_colors_info=&#8221;{}&#8221;][et_pb_image src=&#8221;https:\/\/arrobamedellin.edu.co\/wp-content\/uploads\/2021\/08\/Botones-@medellin-46.png&#8221; align=&#8221;center&#8221; module_id=&#8221;showProceso1&#8243; _builder_version=&#8221;4.16&#8243; _module_preset=&#8221;default&#8221; global_colors_info=&#8221;{}&#8221; src__hover_enabled=&#8221;on|hover&#8221; src__hover=&#8221;https:\/\/arrobamedellin.edu.co\/wp-content\/uploads\/2021\/08\/Botones-@medellin-43.png&#8221;][\/et_pb_image][et_pb_image src=&#8221;https:\/\/arrobamedellin.edu.co\/wp-content\/uploads\/2021\/08\/Botones-@medellin-43.png&#8221; align=&#8221;center&#8221; module_id=&#8221;showProceso2&#8243; _builder_version=&#8221;4.16&#8243; _module_preset=&#8221;default&#8221; custom_css_main_element=&#8221;display: none;&#8221; global_colors_info=&#8221;{}&#8221; src__hover_enabled=&#8221;off|desktop&#8221; src__hover=&#8221;https:\/\/arrobamedellin.edu.co\/wp-content\/uploads\/2021\/08\/Botones-@medellin-43.png&#8221;][\/et_pb_image][\/et_pb_column][\/et_pb_row][et_pb_row module_id=&#8221;hiddenProceso&#8221; _builder_version=&#8221;4.16&#8243; _module_preset=&#8221;default&#8221; background_color=&#8221;#f0f0f0&#8243; custom_css_main_element=&#8221;display: none;&#8221; border_radii=&#8221;on|20px|20px|20px|20px&#8221; border_color_all=&#8221;#ae3e97&#8243; collapsed=&#8221;on&#8221; global_colors_info=&#8221;{}&#8221;][et_pb_column type=&#8221;4_4&#8243; _builder_version=&#8221;4.16&#8243; _module_preset=&#8221;default&#8221; global_colors_info=&#8221;{}&#8221;][et_pb_text admin_label=&#8221;Text&#8221; _builder_version=&#8221;4.27.4&#8243; _module_preset=&#8221;default&#8221; text_font=&#8221;Roboto Condensed||||||||&#8221; text_font_size=&#8221;18px&#8221; ol_font=&#8221;Roboto Condensed||||||||&#8221; ol_font_size=&#8221;18px&#8221; ol_line_height=&#8221;1.3em&#8221; header_4_font=&#8221;Roboto Condensed||||||||&#8221; custom_padding=&#8221;|25px||25px|false|true&#8221; global_module=&#8221;12750&#8243; saved_tabs=&#8221;all&#8221; global_colors_info=&#8221;{}&#8221;]<\/p>\n<h4 style=\"color: #ae3e97;\">\u00bfCu\u00e1les ser\u00e1n los criterios de selecci\u00f3n?<\/h4>\n<p style=\"text-align: justify;\">Cupos a demanda de inscripci\u00f3n, dentro de las fechas previstas en el cronograma y que cumplan con los requisitos de la convocatoria.<\/p>\n<h4 style=\"color: #ae3e97;\">\u00bfC\u00f3mo ser\u00e1 el proceso de selecci\u00f3n?<\/h4>\n<p style=\"text-align: justify;\">Cupos a demanda de inscripci\u00f3n, dentro de las fechas previstas en el cronograma y que cumplan con los requisitos de la convocatoria.<\/p>\n<h4 style=\"color: #ae3e97;\">\u00bfQui\u00e9nes no podr\u00e1n ser elegibles?<\/h4>\n<p style=\"text-align: justify;\">Los que no cumplan con los requisitos anteriores.<\/p>\n<h4 style=\"color: #ae3e97;\">\u00bfCu\u00e1les son los criterios de aprobaci\u00f3n del curso?<\/h4>\n<p style=\"text-align: justify;\">Realizar el 100% de las actividades del curso y aprobar el 80% de las mismas.<br \/>Diligenciar encuesta de satisfacci\u00f3n<\/p>\n<h4 style=\"color: #ae3e97;\">\u00bfCu\u00e1l es el tipo de certificaci\u00f3n?<\/h4>\n<p style=\"text-align: justify;\">Constancia de participaci\u00f3n expedida por Sapiencia.<\/p>\n<p><!--<\/p>\n\n\n\n\n\n\n\n\n<h4 style=\"color: #ae3e97;\">\u00bfCu\u00e1l es el cronograma?<\/h4>\n\n\n\n\n\n\n\n\n<p style=\"text-align: justify;\">- Fecha de apertura 21 de octubre 12 del medio d\u00eda\n\n\n- Fecha de cierre 8 de noviembre 4pm.\n\n\n- Fecha de inicio de curso 13 de noviembre\n\n\n- Fecha de cierre de curso 27 de diciembre 4pm.<\/p>\n\n\n\n\n\n\n\n\n<p>--><\/p>\n<p>[\/et_pb_text][\/et_pb_column][\/et_pb_row][et_pb_row _builder_version=&#8221;4.16&#8243; _module_preset=&#8221;default&#8221; global_colors_info=&#8221;{}&#8221;][et_pb_column type=&#8221;4_4&#8243; _builder_version=&#8221;4.16&#8243; _module_preset=&#8221;default&#8221; global_colors_info=&#8221;{}&#8221;][et_pb_image src=&#8221;https:\/\/arrobamedellin.edu.co\/wp-content\/uploads\/2022\/02\/Botones-@medellin-139.png&#8221; title_text=&#8221;Botones @medell\u00edn-140&#8243; url=&#8221;https:\/\/arrobamedellin.edu.co\/index.php\/programas-academicos\/educacion-continua\/formulario-de-inscripcion\/&#8221; url_new_window=&#8221;on&#8221; align=&#8221;center&#8221; disabled_on=&#8221;off|off|off&#8221; module_id=&#8221;inscripcionmobilesecretaria4&#8243; _builder_version=&#8221;4.27.4&#8243; _module_preset=&#8221;default&#8221; horizontal_offset=&#8221;0px&#8221; width=&#8221;100%&#8221; module_alignment=&#8221;left&#8221; custom_margin=&#8221;-25px||||false|false&#8221; global_colors_info=&#8221;{}&#8221; src__hover_enabled=&#8221;on|desktop&#8221; src__hover=&#8221;https:\/\/arrobamedellin.edu.co\/wp-content\/uploads\/2022\/02\/Botones-@medellin-140.png&#8221;][\/et_pb_image][\/et_pb_column][\/et_pb_row][\/et_pb_section][et_pb_section fb_built=&#8221;1&#8243; _builder_version=&#8221;4.14.1&#8243; _module_preset=&#8221;default&#8221; background_color=&#8221;#f2f2f2&#8243; background_enable_color=&#8221;off&#8221; custom_padding=&#8221;||2px|||&#8221; global_module=&#8221;1008&#8243; saved_tabs=&#8221;all&#8221; locked=&#8221;off&#8221; collapsed=&#8221;on&#8221; global_colors_info=&#8221;{}&#8221;][et_pb_row _builder_version=&#8221;4.16&#8243; _module_preset=&#8221;default&#8221; global_colors_info=&#8221;{}&#8221;][et_pb_column type=&#8221;4_4&#8243; _builder_version=&#8221;4.16&#8243; _module_preset=&#8221;default&#8221; global_colors_info=&#8221;{}&#8221;][et_pb_text _builder_version=&#8221;4.18.0&#8243; _module_preset=&#8221;default&#8221; text_font=&#8221;Roboto Condensed||||||||&#8221; text_text_color=&#8221;#007df4&#8243; text_font_size=&#8221;30px&#8221; header_font=&#8221;|800|||||||&#8221; header_text_align=&#8221;center&#8221; header_text_color=&#8221;#0C71C3&#8243; header_font_size=&#8221;55px&#8221; text_orientation=&#8221;center&#8221; width=&#8221;90%&#8221; module_alignment=&#8221;center&#8221; link_option_url=&#8221;https:\/\/arrobamedellin.edu.co\/index.php\/inicio\/red-de-instituciones\/&#8221; header_font_size_tablet=&#8221;&#8221; header_font_size_phone=&#8221;25px&#8221; header_font_size_last_edited=&#8221;on|phone&#8221; custom_css_main_element=&#8221;padding-bottom: 5px;||border-bottom-style: solid;||border-bottom-width: 3.1px;||width: fit-content;&#8221; global_colors_info=&#8221;{}&#8221;]<\/p>\n<p style=\"text-align: center;\"><strong>Aliados Estrat\u00e9gicos<\/strong><\/p>\n<p>[\/et_pb_text][\/et_pb_column][\/et_pb_row][et_pb_row _builder_version=&#8221;4.16&#8243; _module_preset=&#8221;default&#8221; width=&#8221;70%&#8221; custom_padding=&#8221;||50px||false|false&#8221; global_colors_info=&#8221;{}&#8221;][et_pb_column type=&#8221;4_4&#8243; _builder_version=&#8221;4.16&#8243; _module_preset=&#8221;default&#8221; global_colors_info=&#8221;{}&#8221;][wdcl_logo_carousel slide_count=&#8221;4&#8243; logo_height=&#8221;150px&#8221; logo_width=&#8221;150px&#8221; slide_count_tablet=&#8221;&#8221; slide_count_phone=&#8221;3&#8243; slide_count_last_edited=&#8221;on|phone&#8221; admin_label=&#8221;Wow Logo Carousel&#8221; _builder_version=&#8221;4.20.2&#8243; _module_preset=&#8221;default&#8221; animation_style=&#8221;zoom&#8221; global_colors_info=&#8221;{}&#8221;][wdcl_logo_carousel_child logo=&#8221;https:\/\/arrobamedellin.edu.co\/wp-content\/uploads\/2021\/08\/Botones-@medellin-123.png&#8221; _builder_version=&#8221;4.20.2&#8243; _module_preset=&#8221;default&#8221; link_option_url=&#8221;https:\/\/arrobamedellin.edu.co\/index.php\/inicio\/red-de-instituciones\/pascual-bravo\/&#8221; global_colors_info=&#8221;{}&#8221;][\/wdcl_logo_carousel_child][wdcl_logo_carousel_child logo=&#8221;https:\/\/arrobamedellin.edu.co\/wp-content\/uploads\/2021\/08\/Botones-@medellin-122.png&#8221; _builder_version=&#8221;4.20.2&#8243; _module_preset=&#8221;default&#8221; link_option_url=&#8221;https:\/\/arrobamedellin.edu.co\/index.php\/inicio\/red-de-instituciones\/itm\/&#8221; global_colors_info=&#8221;{}&#8221;][\/wdcl_logo_carousel_child][wdcl_logo_carousel_child logo=&#8221;https:\/\/arrobamedellin.edu.co\/wp-content\/uploads\/2021\/08\/Botones-@medellin-124.png&#8221; _builder_version=&#8221;4.20.2&#8243; _module_preset=&#8221;default&#8221; link_option_url=&#8221;https:\/\/arrobamedellin.edu.co\/index.php\/inicio\/red-de-instituciones\/colegio-mayor\/&#8221; global_colors_info=&#8221;{}&#8221;][\/wdcl_logo_carousel_child][wdcl_logo_carousel_child logo=&#8221;https:\/\/arrobamedellin.edu.co\/wp-content\/uploads\/2023\/03\/Actualizacio\u2560un-sitio-web-01.png&#8221; _builder_version=&#8221;4.20.2&#8243; _module_preset=&#8221;default&#8221; global_colors_info=&#8221;{}&#8221;][\/wdcl_logo_carousel_child][wdcl_logo_carousel_child logo=&#8221;https:\/\/arrobamedellin.edu.co\/wp-content\/uploads\/2022\/10\/3.png&#8221; _builder_version=&#8221;4.20.2&#8243; _module_preset=&#8221;default&#8221; global_colors_info=&#8221;{}&#8221;][\/wdcl_logo_carousel_child][wdcl_logo_carousel_child logo=&#8221;https:\/\/arrobamedellin.edu.co\/wp-content\/uploads\/2022\/10\/4.png&#8221; _builder_version=&#8221;4.20.2&#8243; _module_preset=&#8221;default&#8221; global_colors_info=&#8221;{}&#8221;][\/wdcl_logo_carousel_child][wdcl_logo_carousel_child logo=&#8221;https:\/\/arrobamedellin.edu.co\/wp-content\/uploads\/2023\/03\/Actualizacio\u2560un-sitio-web-02.png&#8221; _builder_version=&#8221;4.20.2&#8243; _module_preset=&#8221;default&#8221; global_colors_info=&#8221;{}&#8221;][\/wdcl_logo_carousel_child][wdcl_logo_carousel_child logo=&#8221;https:\/\/arrobamedellin.edu.co\/wp-content\/uploads\/2023\/03\/Actualizacio\u2560un-sitio-web-03.png&#8221; _builder_version=&#8221;4.20.2&#8243; _module_preset=&#8221;default&#8221; global_colors_info=&#8221;{}&#8221;][\/wdcl_logo_carousel_child][\/wdcl_logo_carousel][\/et_pb_column][\/et_pb_row][\/et_pb_section]<\/p>\n","protected":false},"excerpt":{"rendered":"<p>Programas acad\u00e9micos &gt; Educaci\u00f3n continua &gt; Vida independiente y toma de decisiones con apoyoVIDA INDEPENDIENTE Y TOMA DE DECISIONES CON APOYOContenido realizado por: Descripci\u00f3nLa autonom\u00eda, la dignidad y la participaci\u00f3n de las personas con discapacidad se promueven desde un enfoque de Vida Independiente, filosof\u00eda y movimiento pol\u00edtico que reconoce la capacidad de las personas con [&hellip;]<\/p>\n","protected":false},"author":5,"featured_media":0,"parent":398,"menu_order":0,"comment_status":"closed","ping_status":"closed","template":"","meta":{"_et_pb_use_builder":"on","_et_pb_old_content":"","_et_gb_content_width":"","footnotes":""},"class_list":["post-13010","page","type-page","status-publish","hentry"],"_links":{"self":[{"href":"https:\/\/arrobamedellin.edu.co\/index.php\/wp-json\/wp\/v2\/pages\/13010","targetHints":{"allow":["GET"]}}],"collection":[{"href":"https:\/\/arrobamedellin.edu.co\/index.php\/wp-json\/wp\/v2\/pages"}],"about":[{"href":"https:\/\/arrobamedellin.edu.co\/index.php\/wp-json\/wp\/v2\/types\/page"}],"author":[{"embeddable":true,"href":"https:\/\/arrobamedellin.edu.co\/index.php\/wp-json\/wp\/v2\/users\/5"}],"replies":[{"embeddable":true,"href":"https:\/\/arrobamedellin.edu.co\/index.php\/wp-json\/wp\/v2\/comments?post=13010"}],"version-history":[{"count":4,"href":"https:\/\/arrobamedellin.edu.co\/index.php\/wp-json\/wp\/v2\/pages\/13010\/revisions"}],"predecessor-version":[{"id":13080,"href":"https:\/\/arrobamedellin.edu.co\/index.php\/wp-json\/wp\/v2\/pages\/13010\/revisions\/13080"}],"up":[{"embeddable":true,"href":"https:\/\/arrobamedellin.edu.co\/index.php\/wp-json\/wp\/v2\/pages\/398"}],"wp:attachment":[{"href":"https:\/\/arrobamedellin.edu.co\/index.php\/wp-json\/wp\/v2\/media?parent=13010"}],"curies":[{"name":"wp","href":"https:\/\/api.w.org\/{rel}","templated":true}]}}